{"id":10030,"date":"2020-07-13T09:19:55","date_gmt":"2020-07-13T07:19:55","guid":{"rendered":"https:\/\/www.maiolegal.com\/equipo\/profesional\/angel-marquez\/"},"modified":"2021-06-02T11:46:07","modified_gmt":"2021-06-02T09:46:07","slug":"angel-marquez","status":"publish","type":"professional","link":"https:\/\/www.maiolegal.com\/en\/team\/professional\/angel-marquez\/","title":{"rendered":"\u00c1ngel M\u00e1rquez"},"content":{"rendered":"<p>[et_pb_section fb_built=&#8221;1&#8243; admin_label=&#8221;section&#8221; _builder_version=&#8221;4.4.3&#8243; custom_margin=&#8221;||||false|false&#8221; custom_padding=&#8221;1em||0em||false|false&#8221; locked=&#8221;off&#8221; global_module=&#8221;12281&#8243; saved_tabs=&#8221;all&#8221;][et_pb_row admin_label=&#8221;Breadcrumbs + Titulo&#8221; _builder_version=&#8221;4.4.3&#8243; custom_margin=&#8221;||0px||false|false&#8221; custom_padding=&#8221;0px||0px||false|false&#8221;][et_pb_column type=&#8221;4_4&#8243; _builder_version=&#8221;3.27.4&#8243;][et_pb_dcsbcm_divi_breadcrumbs_module separator=&#8221;sep-pipe&#8221; _builder_version=&#8221;4.4.3&#8243; body_font_size=&#8221;0.9em&#8221; body_line_height=&#8221;1em&#8221; custom_margin=&#8221;0px||-15px||false|false&#8221; custom_padding=&#8221;0px||0px||false|false&#8221;][\/et_pb_dcsbcm_divi_breadcrumbs_module][et_pb_text _builder_version=&#8221;4.9.0&#8243; header_2_font=&#8221;|||on|||||&#8221; header_2_text_color=&#8221;#afa08e&#8221; header_2_font_size=&#8221;18px&#8221; custom_padding=&#8221;|||22px|false|false&#8221; hover_enabled=&#8221;0&#8243; sticky_enabled=&#8221;0&#8243; locked=&#8221;off&#8221;]<\/p>\n<h2> professionals <\/h2>\n<p>[\/et_pb_text][\/et_pb_column][\/et_pb_row][\/et_pb_section][et_pb_section fb_built=&#8221;1&#8243; specialty=&#8221;on&#8221; background_color_1=&#8221;#d7cbbb&#8221; padding_top_bottom_link_1=&#8221;false&#8221; padding_left_right_link_1=&#8221;false&#8221; padding_top_1=&#8221;20px&#8221; padding_bottom_1=&#8221;0px&#8221; _builder_version=&#8221;4.4.3&#8243; custom_margin=&#8221;||1em||false|false&#8221; custom_padding=&#8221;0px||0px||false|false&#8221;][et_pb_column type=&#8221;1_3&#8243; _builder_version=&#8221;3.25&#8243; custom_padding=&#8221;|||&#8221; custom_padding__hover=&#8221;|||&#8221;][et_pb_image src=&#8221;@ET-DC@eyJkeW5hbWljIjp0cnVlLCJjb250ZW50IjoicG9zdF9mZWF0dXJlZF9pbWFnZSIsInNldHRpbmdzIjp7fX0=@&#8221; _builder_version=&#8221;4.4.3&#8243; _dynamic_attributes=&#8221;src&#8221; custom_padding=&#8221;|20px||20px|false|true&#8221;][\/et_pb_image][et_pb_text disabled_on=&#8221;off|off|off&#8221; admin_label=&#8221;Datos din\u00e1micos del profesional&#8221; _builder_version=&#8221;4.4.3&#8243; header_font=&#8221;||||||||&#8221; header_font_size=&#8221;1.2em&#8221; header_2_text_color=&#8221;#000000&#8243; header_2_font_size=&#8221;1.1em&#8221; header_2_line_height=&#8221;1.1em&#8221; header_3_font=&#8221;|700||on|||||&#8221; header_3_text_color=&#8221;#000000&#8243; header_3_font_size=&#8221;1em&#8221; width_tablet=&#8221;100%&#8221; width_phone=&#8221;100%&#8221; width_last_edited=&#8221;on|desktop&#8221; custom_margin=&#8221;||0px||false|false&#8221; custom_padding=&#8221;|20px|0px|20px|false|true&#8221; saved_tabs=&#8221;all&#8221; locked=&#8221;off&#8221;]<\/p>\n<h1><span><strong>\u00c1ngel M\u00e1rquez<\/strong><\/span> | Partner<\/h1>\n<h2>Civil Litigation, Public, Regulatory Compliance<\/h2>\n<h3>Sevilla<\/h3>\n<p>[\/et_pb_text][et_pb_text admin_label=&#8221;Tel\u00e9fono e email&#8221; _builder_version=&#8221;4.4.9&#8243; text_font=&#8221;||||||||&#8221; text_text_color=&#8221;#000000&#8243; text_font_size=&#8221;0.95em&#8221; custom_margin=&#8221;0px||||false|false&#8221; custom_padding=&#8221;0px|20px||20px|false|true&#8221; locked=&#8221;off&#8221;]amarquez@maiolegal.com<br \/>\n+34 954.98 79 14[\/et_pb_text][et_pb_text _builder_version=&#8221;4.4.9&#8243; text_orientation=&#8221;right&#8221; custom_margin=&#8221;||20px||false|false&#8221; custom_padding=&#8221;|20px||20px|false|true&#8221;]<\/p>\n<p><a href=\"#\"><img loading=\"lazy\" decoding=\"async\" src=\"https:\/\/www.maiolegal.com\/wp-content\/uploads\/2020\/04\/vcard.png\" width=\"29\" height=\"24\" alt=\"\" class=\"wp-image-6312 alignnone size-full\" \/><\/a>\u00a0 \u00a0<a href=\"https:\/\/es.linkedin.com\/in\/angelmarquez\" target=\"_blank\" rel=\"noopener noreferrer\"><img loading=\"lazy\" decoding=\"async\" src=\"https:\/\/www.maiolegal.com\/wp-content\/uploads\/2020\/04\/linkedin.png\" width=\"30\" height=\"25\" alt=\"\" class=\"wp-image-6314 alignnone size-medium\" \/><\/a>\u00a0 \u00a0<a href=\"#\"><img loading=\"lazy\" decoding=\"async\" src=\"https:\/\/www.maiolegal.com\/wp-content\/uploads\/2020\/04\/pdf.png\" width=\"29\" height=\"24\" alt=\"\" class=\"wp-image-6316 alignnone size-medium\" \/><\/a><\/p>\n<p>[\/et_pb_text][et_pb_text disabled_on=&#8221;on|on|on&#8221; _builder_version=&#8221;4.4.5&#8243; text_font=&#8221;|700|on||||||&#8221; text_text_color=&#8221;#afa08e&#8221; text_font_size=&#8221;1.1em&#8221; text_line_height=&#8221;1.2em&#8221; header_3_font=&#8221;||||||||&#8221; header_6_font=&#8221;||||||||&#8221; header_6_text_color=&#8221;#afa08e&#8221; header_6_font_size=&#8221;1.1em&#8221; header_6_line_height=&#8221;1.2em&#8221; background_color=&#8221;#ffffff&#8221; custom_margin=&#8221;||0px||false|false&#8221; custom_padding=&#8221;20px|20px|20px|20px|false|true&#8221; custom_padding_tablet=&#8221;|0px||0px|false|false&#8221; custom_padding_phone=&#8221;|0px||0px|false|false&#8221; custom_padding_last_edited=&#8221;on|phone&#8221; animation_direction=&#8221;top&#8221; disabled=&#8221;on&#8221; locked=&#8221;off&#8221;]<em>\u201cCuenta con una larga experiencia en transacciones transfronterizas y tiene capacidad para asesoran tambi\u00e9n en t\u00e9rminos empresariales\u201d<\/em><\/p>\n<p style=\"text-align: right;\"><strong>\u00a0<\/strong><strong>Chambers&amp;Partners<\/strong><\/p>\n<p>[\/et_pb_text][et_pb_image src=&#8221;https:\/\/www.maiolegal.com\/wp-content\/uploads\/2020\/05\/Logo-Chambers-2020.png&#8221; title_text=&#8221;Logo Chambers 2020&#8243; align=&#8221;center&#8221; disabled_on=&#8221;on|on|on&#8221; _builder_version=&#8221;4.4.5&#8243; background_color=&#8221;#ffffff&#8221; custom_margin=&#8221;0px||0px||false|false&#8221; custom_padding=&#8221;20px|50px|10px|50px|false|true&#8221; disabled=&#8221;on&#8221;][\/et_pb_image][et_pb_image src=&#8221;https:\/\/www.maiolegal.com\/wp-content\/uploads\/2020\/05\/Logo-Chambers-Global.png&#8221; title_text=&#8221;Logo Chambers Global&#8221; align=&#8221;center&#8221; disabled_on=&#8221;on|on|on&#8221; _builder_version=&#8221;4.4.5&#8243; background_color=&#8221;#ffffff&#8221; custom_margin=&#8221;0px||0px||false|false&#8221; custom_padding=&#8221;20px|50px|10px|50px|false|true&#8221; disabled=&#8221;on&#8221;][\/et_pb_image][\/et_pb_column][et_pb_column type=&#8221;2_3&#8243; specialty_columns=&#8221;2&#8243; _builder_version=&#8221;3.25&#8243; custom_padding=&#8221;|||&#8221; custom_padding__hover=&#8221;|||&#8221;][et_pb_row_inner _builder_version=&#8221;4.4.3&#8243; custom_margin=&#8221;0px||||false|false&#8221; custom_padding=&#8221;20px||||false|false&#8221;][et_pb_column_inner saved_specialty_column_type=&#8221;2_3&#8243; _builder_version=&#8221;4.4.3&#8243;][et_pb_text disabled_on=&#8221;off|off|off&#8221; admin_label=&#8221;Extracto CV&#8221; _builder_version=&#8221;4.6.6&#8243; background_size=&#8221;initial&#8221; background_position=&#8221;top_left&#8221; background_repeat=&#8221;repeat&#8221;]\u00c1ngel is a senior associate at the Seville office and is part of the Litigation and Regulatory Compliance area of the firm.<\/p>\n<p>Before joining MAIO in February 2013, he spent five years at the Molina Revuelta Abogados Law Firm as an expert in procedural law, dealing with recurrent and strategic legal advice to a group of national-level hospital companies with a strong weight in the healthcare and assistance. Likewise, he is specialized in the process of evaluation, design and implementation of regulatory compliance programs in accordance with national and international standards.<\/p>\n<p>It has the Compliance certification issued by the Spanish Compliance Association, approved by the International Federation of Compliance Associations (IFCA), which groups the main global Compliance associations.[\/et_pb_text][\/et_pb_column_inner][\/et_pb_row_inner][et_pb_row_inner column_structure=&#8221;1_2,1_2&#8243; _builder_version=&#8221;4.4.3&#8243; custom_padding=&#8221;0px||||false|false&#8221;][et_pb_column_inner type=&#8221;1_2&#8243; saved_specialty_column_type=&#8221;2_3&#8243; _builder_version=&#8221;4.4.3&#8243;][et_pb_divider divider_weight=&#8221;1px&#8221; admin_label=&#8221;Linea CV ok&#8221; _builder_version=&#8221;4.4.3&#8243; min_height=&#8221;5px&#8221; custom_margin=&#8221;||-10px||false|false&#8221; custom_padding=&#8221;||0px||false|false&#8221; saved_tabs=&#8221;all&#8221; locked=&#8221;off&#8221;][\/et_pb_divider][et_pb_text admin_label=&#8221;Formaci\u00f3n&#8221; _builder_version=&#8221;4.6.6&#8243; header_4_font=&#8221;|700|||||||&#8221; header_4_text_color=&#8221;#afa08e&#8221; header_4_font_size=&#8221;16px&#8221; custom_margin=&#8221;||0px||false|false&#8221; custom_padding=&#8221;||5px||false|false&#8221;]<\/p>\n<h4>Academic background<\/h4>\n<p>[\/et_pb_text][et_pb_text _builder_version=&#8221;4.6.6&#8243; text_line_height=&#8221;1.1em&#8221;]Postgraduate International Criminal Justice from the Open University of Catalonia.<\/p>\n<p>Superior Course of Legal Practices by Cefoec, center approved by the CGAE.<\/p>\n<p>Law degree from the University of Seville.[\/et_pb_text][\/et_pb_column_inner][et_pb_column_inner type=&#8221;1_2&#8243; saved_specialty_column_type=&#8221;2_3&#8243; _builder_version=&#8221;4.4.3&#8243;][et_pb_divider divider_weight=&#8221;1px&#8221; admin_label=&#8221;Linea CV ok&#8221; _builder_version=&#8221;4.4.3&#8243; min_height=&#8221;5px&#8221; custom_margin=&#8221;||-10px||false|false&#8221; custom_padding=&#8221;||0px||false|false&#8221; saved_tabs=&#8221;all&#8221; locked=&#8221;off&#8221;][\/et_pb_divider][et_pb_text admin_label=&#8221;Idiomas&#8221; _builder_version=&#8221;4.6.6&#8243; header_4_font=&#8221;|700|||||||&#8221; header_4_text_color=&#8221;#afa08e&#8221; header_4_font_size=&#8221;16px&#8221; custom_margin=&#8221;||0px||false|false&#8221; custom_padding=&#8221;||5px||false|false&#8221;]<\/p>\n<h4>Languages<\/h4>\n<p>[\/et_pb_text][et_pb_text _builder_version=&#8221;4.6.6&#8243; text_line_height=&#8221;1.1em&#8221;]Spanish<\/p>\n<p>English[\/et_pb_text][\/et_pb_column_inner][\/et_pb_row_inner][et_pb_row_inner column_structure=&#8221;1_2,1_2&#8243; disabled_on=&#8221;off|off|off&#8221; _builder_version=&#8221;4.4.9&#8243; custom_padding=&#8221;0px||||false|false&#8221;][et_pb_column_inner type=&#8221;1_2&#8243; saved_specialty_column_type=&#8221;2_3&#8243; disabled_on=&#8221;off|off|off&#8221; _builder_version=&#8221;4.4.9&#8243;][et_pb_divider divider_weight=&#8221;1px&#8221; admin_label=&#8221;Linea CV ok&#8221; _builder_version=&#8221;4.4.3&#8243; min_height=&#8221;5px&#8221; custom_margin=&#8221;||-10px||false|false&#8221; custom_padding=&#8221;||0px||false|false&#8221; saved_tabs=&#8221;all&#8221; locked=&#8221;off&#8221;][\/et_pb_divider][et_pb_text disabled_on=&#8221;off|off|off&#8221; admin_label=&#8221;Reconocimientos&#8221; _builder_version=&#8221;4.6.6&#8243; header_4_font=&#8221;|700|||||||&#8221; header_4_text_color=&#8221;#afa08e&#8221; header_4_font_size=&#8221;16px&#8221; custom_margin=&#8221;||0px||false|false&#8221; custom_padding=&#8221;||5px||false|false&#8221;]<\/p>\n<h4>Awards and Recognitions<\/h4>\n<p>[\/et_pb_text][et_pb_text disabled_on=&#8221;off|off|off&#8221; _builder_version=&#8221;4.6.6&#8243; text_line_height=&#8221;1.1em&#8221;]Certificate of professional aptitude issued by the General Council of Spanish Lawyers.<\/p>\n<p>CESCOM Compliance Certificate, issued by the Spanish Compliance Association.<\/p>\n<p>Internationally Certified Compliance Professional (ICCP), recognized by the International Federation of Compliance Associations (IFCA).[\/et_pb_text][\/et_pb_column_inner][et_pb_column_inner type=&#8221;1_2&#8243; saved_specialty_column_type=&#8221;2_3&#8243; _builder_version=&#8221;4.4.3&#8243;][et_pb_divider divider_weight=&#8221;1px&#8221; admin_label=&#8221;Linea CV ok&#8221; _builder_version=&#8221;4.4.3&#8243; min_height=&#8221;5px&#8221; custom_margin=&#8221;||-10px||false|false&#8221; custom_padding=&#8221;||0px||false|false&#8221; saved_tabs=&#8221;all&#8221; locked=&#8221;off&#8221;][\/et_pb_divider][et_pb_text admin_label=&#8221;Asociaciones&#8221; _builder_version=&#8221;4.6.6&#8243; header_4_font=&#8221;|700|||||||&#8221; header_4_text_color=&#8221;#afa08e&#8221; header_4_font_size=&#8221;16px&#8221; custom_margin=&#8221;||0px||false|false&#8221; custom_padding=&#8221;||5px||false|false&#8221;]<\/p>\n<h4>Teaching activity<\/h4>\n<p>[\/et_pb_text][et_pb_text disabled_on=&#8221;off|off|off&#8221; _builder_version=&#8221;4.6.6&#8243; text_line_height=&#8221;1.1em&#8221;]Collaborating professor of the Master&#8217;s Degree in Access to the Legal Profession at Loyola Andaluc\u00eda University.<\/p>\n<p>Collaborating professor of the Master of Human Resources of the Institute of Studies Cajasol.[\/et_pb_text][\/et_pb_column_inner][\/et_pb_row_inner][et_pb_row_inner column_structure=&#8221;1_2,1_2&#8243; disabled_on=&#8221;on|on|on&#8221; _builder_version=&#8221;4.4.9&#8243; custom_margin_tablet=&#8221;&#8221; custom_margin_phone=&#8221;||||false|false&#8221; custom_margin_last_edited=&#8221;on|desktop&#8221; custom_padding=&#8221;0px||||false|false&#8221; disabled=&#8221;on&#8221;][et_pb_column_inner type=&#8221;1_2&#8243; saved_specialty_column_type=&#8221;2_3&#8243; _builder_version=&#8221;4.4.3&#8243;][et_pb_divider divider_weight=&#8221;1px&#8221; admin_label=&#8221;Linea CV ok&#8221; _builder_version=&#8221;4.4.3&#8243; min_height=&#8221;5px&#8221; custom_margin=&#8221;||-10px||false|false&#8221; custom_padding=&#8221;||0px||false|false&#8221; saved_tabs=&#8221;all&#8221; locked=&#8221;off&#8221;][\/et_pb_divider][et_pb_text admin_label=&#8221;Docencia&#8221; _builder_version=&#8221;4.4.3&#8243; header_4_font=&#8221;|700|||||||&#8221; header_4_text_color=&#8221;#afa08e&#8221; header_4_font_size=&#8221;16px&#8221; custom_margin=&#8221;||0px||false|false&#8221; custom_padding=&#8221;||5px||false|false&#8221;]<\/p>\n<h4>Docencia<\/h4>\n<p>[\/et_pb_text][et_pb_text _builder_version=&#8221;4.4.9&#8243; text_line_height=&#8221;1.1em&#8221;]<\/p>\n<p class=\"p1\"><span class=\"s1\">Profesora colaboradora y tutora del M\u00e1ster de Recursos Humanos del Instituto de Estudios Cajasol <\/span><\/p>\n<p class=\"p2\"><span class=\"s1\"><\/span><\/p>\n<p class=\"p1\"><span class=\"s1\">Profesora del Curso de Expertos en Direcci\u00f3n de Recursos Humanos del Instituto de Estudios Cajasol\u00a0<\/span><\/p>\n<p class=\"p1\"><span class=\"s1\">Profesora en M\u00e1ster de Acceso a la Abogac\u00eda de la Universidad Loyola de Andaluc\u00eda. <\/span><\/p>\n<p>[\/et_pb_text][\/et_pb_column_inner][et_pb_column_inner type=&#8221;1_2&#8243; saved_specialty_column_type=&#8221;2_3&#8243; disabled_on=&#8221;off|off|off&#8221; _builder_version=&#8221;4.4.9&#8243;][et_pb_divider divider_weight=&#8221;1px&#8221; disabled_on=&#8221;off|off|off&#8221; admin_label=&#8221;Linea CV ok&#8221; _builder_version=&#8221;4.4.3&#8243; min_height=&#8221;5px&#8221; custom_margin=&#8221;||-10px||false|false&#8221; custom_padding=&#8221;||0px||false|false&#8221; saved_tabs=&#8221;all&#8221; locked=&#8221;off&#8221;][\/et_pb_divider][et_pb_text disabled_on=&#8221;off|off|off&#8221; admin_label=&#8221;Publicaciones&#8221; _builder_version=&#8221;4.4.3&#8243; header_4_font=&#8221;|700|||||||&#8221; header_4_text_color=&#8221;#afa08e&#8221; header_4_font_size=&#8221;16px&#8221; custom_margin=&#8221;||0px||false|false&#8221; custom_padding=&#8221;||5px||false|false&#8221;]<\/p>\n<h4>Publicaciones<\/h4>\n<p>[\/et_pb_text][et_pb_text disabled_on=&#8221;off|off|off&#8221; _builder_version=&#8221;4.4.9&#8243; text_line_height=&#8221;1.1em&#8221;]<\/p>\n<p class=\"p1\">Pr\u00e1cticum Recursos Humanos 2014, 2015 y 2016. THOMSON REUTERS ARANZADI (Coautora).<br \/><span class=\"s1\"><\/span><\/p>\n<p>[\/et_pb_text][\/et_pb_column_inner][\/et_pb_row_inner][\/et_pb_column][\/et_pb_section]<\/p>\n","protected":false},"author":1,"featured_media":17979,"template":"","meta":{"_et_pb_use_builder":"on","_et_pb_old_content":"<p>Socio; responsable del \u00e1rea de derecho mercantil; presidente de Globalaw; secretario del consejo de varias sociedades cotizadas; asesor jur\u00eddico de la C\u00e1mara de Comercio Italiana para Espa\u00f1a; miembro del Comit\u00e9 de Expertos de Faraday Venture Partners.<\/p><h3><strong>Pr\u00e1ctica<\/strong><\/h3><p>Su pr\u00e1ctica incluye operaciones de fusiones y adquisiciones, a menudo con implicaciones transnacionales; asesoramiento a empresas en su implantaci\u00f3n en Espa\u00f1a; asesoramiento en el desarrollo de importantes proyectos industriales con capital extranjero; secretar\u00eda de los consejos de administraci\u00f3n de varias empresas, entre ellas diversas compa\u00f1\u00edas admitidas a cotizaci\u00f3n; asesoramiento a dos destacados bancos internacionales en sus operaciones en Espa\u00f1a, tanto en la parte de negocio como de \u00a0<i>compliance<\/i>\u00a0regulatoria; asesoramiento a diversas empresas de servicios de inversi\u00f3n y otras compa\u00f1\u00edas sometidas a la supervisi\u00f3n de la CNMV.<\/p><h3><strong>Experiencia<\/strong><\/h3><p>Abogado en activo desde 2000:<\/p><ul><li>Asesor\u00eda jur\u00eddica de Banca Commerciale Italiana (2000).<\/li><li>Socio de Castro Sueiro & Varela.<\/li><li>Director del departamento mercantil de KPMG (2011); antes de fundar MAIO.<\/li><\/ul><h3><strong>Formaci\u00f3n<\/strong><\/h3><ul><li>Licenciatura en Derecho por la Universidad de Bolonia.<\/li><li>Homologaci\u00f3n del t\u00edtulo por la Universidad de Valladolid.<\/li><li>Abogado en ejercicio inscrito en el ICAM.<\/li><\/ul><h3><strong>Idiomas<\/strong><\/h3><ul><li>Italiano, espa\u00f1ol e ingl\u00e9s.<\/li><\/ul><h3><strong>Otra informaci\u00f3n<\/strong><\/h3><ul><li>Cavaliere dell\u2019Ordine della Stella d\u2019Italia<\/li><li>Colaborador habitual del diario econ\u00f3mico\u00a0<i>Expansi\u00f3n<\/i>.<\/li><li>Blog personal\u00a0<em>M\u00ednima Inmoralia<\/em>\u00a0(<a title=\"\" href=\"http:\/\/www.expansion.com\/blogs\/minima-inmoralia\/\" target=\"_blank\" rel=\"noopener noreferrer\">http:\/\/www.expansion.com\/blogs\/minima-inmoralia\/<\/a>).<\/li><\/ul>","_et_gb_content_width":""},"class_list":["post-10030","professional","type-professional","status-publish","has-post-thumbnail","hentry","office-sevilla","area-civil-litigation","area-public","area-regulatory-compliance","professional-category-partner-en"],"yoast_head":"<!-- This site is optimized with the Yoast SEO plugin v27.4 - https:\/\/yoast.com\/product\/yoast-seo-wordpress\/ -->\n<title>\u00c1ngel M\u00e1rquez - MAIO Legal<\/title>\n<meta name=\"robots\" content=\"index, follow, max-snippet:-1, max-image-preview:large, max-video-preview:-1\" \/>\n<link rel=\"canonical\" href=\"https:\/\/www.maiolegal.com\/en\/team\/professional\/angel-marquez\/\" \/>\n<meta property=\"og:locale\" content=\"en_US\" \/>\n<meta property=\"og:type\" content=\"article\" \/>\n<meta property=\"og:title\" content=\"\u00c1ngel M\u00e1rquez - MAIO Legal\" \/>\n<meta property=\"og:description\" content=\"professionals |  amarquez@maiolegal.com +34 954.98 79 14\u00a0 \u00a0\u00a0 \u00a0\u201cCuenta con una larga experiencia en transacciones transfronterizas y tiene capacidad para asesoran tambi\u00e9n en t\u00e9rminos empresariales\u201d \u00a0Chambers&amp;Partners\u00c1ngel is a senior associate at the Seville office and is part of the Litigation and Regulatory Compliance area of the firm. Before joining MAIO in February [&hellip;]\" \/>\n<meta property=\"og:url\" content=\"https:\/\/www.maiolegal.com\/en\/team\/professional\/angel-marquez\/\" \/>\n<meta property=\"og:site_name\" content=\"MAIO Legal\" \/>\n<meta property=\"article:modified_time\" content=\"2021-06-02T09:46:07+00:00\" \/>\n<meta property=\"og:image\" content=\"https:\/\/www.maiolegal.com\/wp-content\/uploads\/2020\/07\/angel-marquez.jpg\" \/>\n\t<meta property=\"og:image:width\" content=\"800\" \/>\n\t<meta property=\"og:image:height\" content=\"800\" \/>\n\t<meta property=\"og:image:type\" content=\"image\/jpeg\" \/>\n<meta name=\"twitter:card\" content=\"summary_large_image\" \/>\n<meta name=\"twitter:label1\" content=\"Est. reading time\" \/>\n\t<meta name=\"twitter:data1\" content=\"8 minutes\" \/>\n<script type=\"application\/ld+json\" class=\"yoast-schema-graph\">{\"@context\":\"https:\\\/\\\/schema.org\",\"@graph\":[{\"@type\":\"WebPage\",\"@id\":\"https:\\\/\\\/www.maiolegal.com\\\/en\\\/team\\\/professional\\\/angel-marquez\\\/\",\"url\":\"https:\\\/\\\/www.maiolegal.com\\\/en\\\/team\\\/professional\\\/angel-marquez\\\/\",\"name\":\"\u00c1ngel M\u00e1rquez - MAIO Legal\",\"isPartOf\":{\"@id\":\"https:\\\/\\\/www.maiolegal.com\\\/en\\\/#website\"},\"primaryImageOfPage\":{\"@id\":\"https:\\\/\\\/www.maiolegal.com\\\/en\\\/team\\\/professional\\\/angel-marquez\\\/#primaryimage\"},\"image\":{\"@id\":\"https:\\\/\\\/www.maiolegal.com\\\/en\\\/team\\\/professional\\\/angel-marquez\\\/#primaryimage\"},\"thumbnailUrl\":\"https:\\\/\\\/www.maiolegal.com\\\/wp-content\\\/uploads\\\/angel-marquez.jpg\",\"datePublished\":\"2020-07-13T07:19:55+00:00\",\"dateModified\":\"2021-06-02T09:46:07+00:00\",\"breadcrumb\":{\"@id\":\"https:\\\/\\\/www.maiolegal.com\\\/en\\\/team\\\/professional\\\/angel-marquez\\\/#breadcrumb\"},\"inLanguage\":\"en-US\",\"potentialAction\":[{\"@type\":\"ReadAction\",\"target\":[\"https:\\\/\\\/www.maiolegal.com\\\/en\\\/team\\\/professional\\\/angel-marquez\\\/\"]}]},{\"@type\":\"ImageObject\",\"inLanguage\":\"en-US\",\"@id\":\"https:\\\/\\\/www.maiolegal.com\\\/en\\\/team\\\/professional\\\/angel-marquez\\\/#primaryimage\",\"url\":\"https:\\\/\\\/www.maiolegal.com\\\/wp-content\\\/uploads\\\/angel-marquez.jpg\",\"contentUrl\":\"https:\\\/\\\/www.maiolegal.com\\\/wp-content\\\/uploads\\\/angel-marquez.jpg\",\"width\":800,\"height\":800},{\"@type\":\"BreadcrumbList\",\"@id\":\"https:\\\/\\\/www.maiolegal.com\\\/en\\\/team\\\/professional\\\/angel-marquez\\\/#breadcrumb\",\"itemListElement\":[{\"@type\":\"ListItem\",\"position\":1,\"name\":\"Home\",\"item\":\"https:\\\/\\\/www.maiolegal.com\\\/en\\\/\"},{\"@type\":\"ListItem\",\"position\":2,\"name\":\"Professional\",\"item\":\"https:\\\/\\\/www.maiolegal.com\\\/en\\\/team\\\/professional\\\/\"},{\"@type\":\"ListItem\",\"position\":3,\"name\":\"\u00c1ngel M\u00e1rquez\"}]},{\"@type\":\"WebSite\",\"@id\":\"https:\\\/\\\/www.maiolegal.com\\\/en\\\/#website\",\"url\":\"https:\\\/\\\/www.maiolegal.com\\\/en\\\/\",\"name\":\"MAIO Legal\",\"description\":\"Asesoramiento legal y tributario\",\"potentialAction\":[{\"@type\":\"SearchAction\",\"target\":{\"@type\":\"EntryPoint\",\"urlTemplate\":\"https:\\\/\\\/www.maiolegal.com\\\/en\\\/?s={search_term_string}\"},\"query-input\":{\"@type\":\"PropertyValueSpecification\",\"valueRequired\":true,\"valueName\":\"search_term_string\"}}],\"inLanguage\":\"en-US\"}]}<\/script>\n<!-- \/ Yoast SEO plugin. -->","yoast_head_json":{"title":"\u00c1ngel M\u00e1rquez - MAIO Legal","robots":{"index":"index","follow":"follow","max-snippet":"max-snippet:-1","max-image-preview":"max-image-preview:large","max-video-preview":"max-video-preview:-1"},"canonical":"https:\/\/www.maiolegal.com\/en\/team\/professional\/angel-marquez\/","og_locale":"en_US","og_type":"article","og_title":"\u00c1ngel M\u00e1rquez - MAIO Legal","og_description":"professionals |  amarquez@maiolegal.com +34 954.98 79 14\u00a0 \u00a0\u00a0 \u00a0\u201cCuenta con una larga experiencia en transacciones transfronterizas y tiene capacidad para asesoran tambi\u00e9n en t\u00e9rminos empresariales\u201d \u00a0Chambers&amp;Partners\u00c1ngel is a senior associate at the Seville office and is part of the Litigation and Regulatory Compliance area of the firm. Before joining MAIO in February [&hellip;]","og_url":"https:\/\/www.maiolegal.com\/en\/team\/professional\/angel-marquez\/","og_site_name":"MAIO Legal","article_modified_time":"2021-06-02T09:46:07+00:00","og_image":[{"width":800,"height":800,"url":"https:\/\/www.maiolegal.com\/wp-content\/uploads\/2020\/07\/angel-marquez.jpg","type":"image\/jpeg"}],"twitter_card":"summary_large_image","twitter_misc":{"Est. reading time":"8 minutes"},"schema":{"@context":"https:\/\/schema.org","@graph":[{"@type":"WebPage","@id":"https:\/\/www.maiolegal.com\/en\/team\/professional\/angel-marquez\/","url":"https:\/\/www.maiolegal.com\/en\/team\/professional\/angel-marquez\/","name":"\u00c1ngel M\u00e1rquez - MAIO Legal","isPartOf":{"@id":"https:\/\/www.maiolegal.com\/en\/#website"},"primaryImageOfPage":{"@id":"https:\/\/www.maiolegal.com\/en\/team\/professional\/angel-marquez\/#primaryimage"},"image":{"@id":"https:\/\/www.maiolegal.com\/en\/team\/professional\/angel-marquez\/#primaryimage"},"thumbnailUrl":"https:\/\/www.maiolegal.com\/wp-content\/uploads\/angel-marquez.jpg","datePublished":"2020-07-13T07:19:55+00:00","dateModified":"2021-06-02T09:46:07+00:00","breadcrumb":{"@id":"https:\/\/www.maiolegal.com\/en\/team\/professional\/angel-marquez\/#breadcrumb"},"inLanguage":"en-US","potentialAction":[{"@type":"ReadAction","target":["https:\/\/www.maiolegal.com\/en\/team\/professional\/angel-marquez\/"]}]},{"@type":"ImageObject","inLanguage":"en-US","@id":"https:\/\/www.maiolegal.com\/en\/team\/professional\/angel-marquez\/#primaryimage","url":"https:\/\/www.maiolegal.com\/wp-content\/uploads\/angel-marquez.jpg","contentUrl":"https:\/\/www.maiolegal.com\/wp-content\/uploads\/angel-marquez.jpg","width":800,"height":800},{"@type":"BreadcrumbList","@id":"https:\/\/www.maiolegal.com\/en\/team\/professional\/angel-marquez\/#breadcrumb","itemListElement":[{"@type":"ListItem","position":1,"name":"Home","item":"https:\/\/www.maiolegal.com\/en\/"},{"@type":"ListItem","position":2,"name":"Professional","item":"https:\/\/www.maiolegal.com\/en\/team\/professional\/"},{"@type":"ListItem","position":3,"name":"\u00c1ngel M\u00e1rquez"}]},{"@type":"WebSite","@id":"https:\/\/www.maiolegal.com\/en\/#website","url":"https:\/\/www.maiolegal.com\/en\/","name":"MAIO Legal","description":"Asesoramiento legal y tributario","potentialAction":[{"@type":"SearchAction","target":{"@type":"EntryPoint","urlTemplate":"https:\/\/www.maiolegal.com\/en\/?s={search_term_string}"},"query-input":{"@type":"PropertyValueSpecification","valueRequired":true,"valueName":"search_term_string"}}],"inLanguage":"en-US"}]}},"_links":{"self":[{"href":"https:\/\/www.maiolegal.com\/en\/wp-json\/wp\/v2\/professional\/10030","targetHints":{"allow":["GET"]}}],"collection":[{"href":"https:\/\/www.maiolegal.com\/en\/wp-json\/wp\/v2\/professional"}],"about":[{"href":"https:\/\/www.maiolegal.com\/en\/wp-json\/wp\/v2\/types\/professional"}],"author":[{"embeddable":true,"href":"https:\/\/www.maiolegal.com\/en\/wp-json\/wp\/v2\/users\/1"}],"version-history":[{"count":4,"href":"https:\/\/www.maiolegal.com\/en\/wp-json\/wp\/v2\/professional\/10030\/revisions"}],"predecessor-version":[{"id":12284,"href":"https:\/\/www.maiolegal.com\/en\/wp-json\/wp\/v2\/professional\/10030\/revisions\/12284"}],"wp:featuredmedia":[{"embeddable":true,"href":"https:\/\/www.maiolegal.com\/en\/wp-json\/wp\/v2\/media\/17979"}],"wp:attachment":[{"href":"https:\/\/www.maiolegal.com\/en\/wp-json\/wp\/v2\/media?parent=10030"}],"curies":[{"name":"wp","href":"https:\/\/api.w.org\/{rel}","templated":true}]}}