{"id":14390,"date":"2022-02-07T17:25:59","date_gmt":"2022-02-07T16:25:59","guid":{"rendered":"https:\/\/www.maiolegal.com\/equipo\/profesional\/isabel-bardisa\/"},"modified":"2025-11-17T23:10:28","modified_gmt":"2025-11-17T22:10:28","slug":"isabel-bardisa","status":"publish","type":"professional","link":"https:\/\/www.maiolegal.com\/en\/team\/professional\/isabel-bardisa\/","title":{"rendered":"Isabel Bardisa"},"content":{"rendered":"<p>[et_pb_section fb_built=&#8221;1&#8243; admin_label=&#8221;section&#8221; _builder_version=&#8221;4.4.3&#8243; custom_margin=&#8221;||||false|false&#8221; custom_padding=&#8221;1em||0em||false|false&#8221; locked=&#8221;off&#8221;][et_pb_row admin_label=&#8221;Breadcrumbs + Titulo&#8221; _builder_version=&#8221;4.4.3&#8243; custom_margin=&#8221;||0px||false|false&#8221; custom_padding=&#8221;0px||0px||false|false&#8221; saved_tabs=&#8221;all&#8221;][et_pb_column type=&#8221;4_4&#8243; _builder_version=&#8221;3.27.4&#8243;][et_pb_dcsbcm_divi_breadcrumbs_module separator=&#8221;sep-pipe&#8221; _builder_version=&#8221;4.4.3&#8243; body_font_size=&#8221;0.9em&#8221; body_line_height=&#8221;1em&#8221; custom_margin=&#8221;0px||-15px||false|false&#8221; custom_padding=&#8221;0px||0px||false|false&#8221;][\/et_pb_dcsbcm_divi_breadcrumbs_module][et_pb_text _builder_version=&#8221;4.4.3&#8243; header_2_font=&#8221;|||on|||||&#8221; header_2_text_color=&#8221;#afa08e&#8221; header_2_font_size=&#8221;18px&#8221; custom_padding=&#8221;|||22px|false|false&#8221;]<\/p>\n<h2>PROFESIONALES<\/h2>\n<p>[\/et_pb_text][\/et_pb_column][\/et_pb_row][\/et_pb_section][et_pb_section fb_built=&#8221;1&#8243; specialty=&#8221;on&#8221; background_color_1=&#8221;#d7cbbb&#8221; padding_top_bottom_link_1=&#8221;false&#8221; padding_left_right_link_1=&#8221;false&#8221; padding_top_1=&#8221;20px&#8221; padding_bottom_1=&#8221;0px&#8221; _builder_version=&#8221;4.4.3&#8243; custom_margin=&#8221;||1em||false|false&#8221; custom_padding=&#8221;0px||0px||false|false&#8221;][et_pb_column type=&#8221;1_3&#8243; _builder_version=&#8221;3.25&#8243; custom_padding=&#8221;|||&#8221; custom_padding__hover=&#8221;|||&#8221;][et_pb_image src=&#8221;@ET-DC@eyJkeW5hbWljIjp0cnVlLCJjb250ZW50IjoicG9zdF9mZWF0dXJlZF9pbWFnZSIsInNldHRpbmdzIjp7fX0=@&#8221; _builder_version=&#8221;4.4.5&#8243; _dynamic_attributes=&#8221;src&#8221; custom_padding=&#8221;|20px||20px|false|true&#8221;][\/et_pb_image][et_pb_text disabled_on=&#8221;off|off|off&#8221; admin_label=&#8221;Datos din\u00e1micos del profesional&#8221; _builder_version=&#8221;4.4.3&#8243; header_font=&#8221;||||||||&#8221; header_font_size=&#8221;1.2em&#8221; header_2_text_color=&#8221;#000000&#8243; header_2_font_size=&#8221;1.1em&#8221; header_2_line_height=&#8221;1.1em&#8221; header_3_font=&#8221;|700||on|||||&#8221; header_3_text_color=&#8221;#000000&#8243; header_3_font_size=&#8221;1em&#8221; width_tablet=&#8221;100%&#8221; width_phone=&#8221;100%&#8221; width_last_edited=&#8221;on|desktop&#8221; custom_margin=&#8221;||0px||false|false&#8221; custom_padding=&#8221;|20px|0px|20px|false|true&#8221; saved_tabs=&#8221;all&#8221; locked=&#8221;off&#8221;]<\/p>\n<h1><span><strong>Isabel Bardisa<\/strong><\/span> | Junior<\/h1>\n<h2>Criminal<\/h2>\n<h3>Madrid<\/h3>\n<p>[\/et_pb_text][et_pb_text admin_label=&#8221;Tel\u00e9fono e email&#8221; _builder_version=&#8221;4.9.4&#8243; text_font=&#8221;||||||||&#8221; text_text_color=&#8221;#000000&#8243; text_font_size=&#8221;0.95em&#8221; custom_margin=&#8221;0px||||false|false&#8221; custom_padding=&#8221;0px|20px||20px|false|true&#8221; hover_enabled=&#8221;0&#8243; locked=&#8221;off&#8221; sticky_enabled=&#8221;0&#8243;]ibardisa@maiolegal.com<br \/>\n+34 91 577 50 20<br \/>\n[\/et_pb_text][et_pb_text _builder_version=&#8221;4.9.4&#8243; text_orientation=&#8221;right&#8221; custom_margin=&#8221;||||false|false&#8221; custom_padding=&#8221;|20px|20px|20px|false|true&#8221; hover_enabled=&#8221;0&#8243; locked=&#8221;off&#8221; sticky_enabled=&#8221;0&#8243;]<\/p>\n<p><img loading=\"lazy\" decoding=\"async\" src=\"https:\/\/www.maiolegal.com\/wp-content\/uploads\/2020\/04\/vcard.png\" width=\"29\" height=\"24\" alt=\"\" class=\"wp-image-6312 alignnone size-full\" \/>\u00a0 \u00a0<img loading=\"lazy\" decoding=\"async\" src=\"https:\/\/www.maiolegal.com\/wp-content\/uploads\/2020\/04\/linkedin.png\" width=\"30\" height=\"25\" alt=\"\" class=\"wp-image-6314 alignnone size-medium\" \/>\u00a0 \u00a0<img loading=\"lazy\" decoding=\"async\" src=\"https:\/\/www.maiolegal.com\/wp-content\/uploads\/2020\/04\/pdf.png\" width=\"29\" height=\"24\" alt=\"\" class=\"wp-image-6316 alignnone size-medium\" \/><\/p>\n<p>[\/et_pb_text][et_pb_text disabled_on=&#8221;on|on|on&#8221; _builder_version=&#8221;4.4.3&#8243; text_font=&#8221;|700|on||||||&#8221; text_text_color=&#8221;#afa08e&#8221; text_font_size=&#8221;1.1em&#8221; text_line_height=&#8221;1.2em&#8221; header_3_font=&#8221;||||||||&#8221; header_6_font=&#8221;||||||||&#8221; header_6_text_color=&#8221;#afa08e&#8221; header_6_font_size=&#8221;1.1em&#8221; header_6_line_height=&#8221;1.2em&#8221; background_color=&#8221;#ffffff&#8221; custom_margin=&#8221;||0px||false|false&#8221; custom_padding=&#8221;20px|20px|20px|20px|false|true&#8221; custom_padding_tablet=&#8221;|0px||0px|false|false&#8221; custom_padding_phone=&#8221;|0px||0px|false|false&#8221; custom_padding_last_edited=&#8221;on|phone&#8221; animation_direction=&#8221;top&#8221; disabled=&#8221;on&#8221; locked=&#8221;off&#8221;]<\/p>\n<p><span>Frase destacada del profesional si la hubiera.<\/span><\/p>\n<p>[\/et_pb_text][et_pb_image src=&#8221;https:\/\/www.maiolegal.com\/\/wp-content\/uploads\/2020\/03\/Chambers-2017-e1494923698267.png&#8221; align=&#8221;center&#8221; disabled_on=&#8221;on|on|on&#8221; _builder_version=&#8221;4.4.3&#8243; background_color=&#8221;#ffffff&#8221; custom_margin=&#8221;0px||0px||false|false&#8221; custom_padding=&#8221;20px||10px||false|false&#8221; disabled=&#8221;on&#8221;][\/et_pb_image][et_pb_image src=&#8221;https:\/\/www.maiolegal.com\/wp-content\/uploads\/2020\/03\/BL-YC.jpg&#8221; align=&#8221;center&#8221; disabled_on=&#8221;on|on|on&#8221; _builder_version=&#8221;4.4.3&#8243; background_color=&#8221;#ffffff&#8221; custom_margin=&#8221;0px||0px||false|false&#8221; custom_padding=&#8221;20px||10px||false|false&#8221; disabled=&#8221;on&#8221;][\/et_pb_image][\/et_pb_column][et_pb_column type=&#8221;2_3&#8243; specialty_columns=&#8221;2&#8243; _builder_version=&#8221;3.25&#8243; custom_padding=&#8221;|||&#8221; custom_padding__hover=&#8221;|||&#8221;][et_pb_row_inner _builder_version=&#8221;4.4.3&#8243; custom_margin=&#8221;0px||||false|false&#8221; custom_padding=&#8221;20px||||false|false&#8221;][et_pb_column_inner saved_specialty_column_type=&#8221;2_3&#8243; _builder_version=&#8221;4.4.3&#8243;][et_pb_text disabled_on=&#8221;off|off|off&#8221; admin_label=&#8221;Extracto CV&#8221; _builder_version=&#8221;4.9.4&#8243; background_size=&#8221;initial&#8221; background_position=&#8221;top_left&#8221; background_repeat=&#8221;repeat&#8221; hover_enabled=&#8221;0&#8243; sticky_enabled=&#8221;0&#8243;]<\/p>\n<p>Isabel es graduada en Derecho por la Universidad Complutense de Madrid. Formaci\u00f3n que ha completado con el M\u00e1ster de Acceso a la abogac\u00eda y con la especializaci\u00f3n del M\u00e1ster de Derecho Penal Econ\u00f3mico, ambos por la Universidad Internacional de La Rioja.<\/p>\n<p>Con anterioridad a su incorporaci\u00f3n en MAIO Legal, Isabel ha trabajado en varios despachos de abogados como Bufete Chocl\u00e1n (especializado en derecho penal econ\u00f3mico), S\u00e1nchez de la Fuente Abogados (civil-laboral), ITER Law (procesal civil).<\/p>\n<p>Es especialista en el sector de derecho penal econ\u00f3mico.<\/p>\n<p>[\/et_pb_text][\/et_pb_column_inner][\/et_pb_row_inner][et_pb_row_inner column_structure=&#8221;1_2,1_2&#8243; _builder_version=&#8221;4.4.3&#8243; custom_padding=&#8221;0px||||false|false&#8221;][et_pb_column_inner type=&#8221;1_2&#8243; saved_specialty_column_type=&#8221;2_3&#8243; _builder_version=&#8221;4.4.3&#8243;][et_pb_divider divider_weight=&#8221;1px&#8221; admin_label=&#8221;Linea CV ok&#8221; _builder_version=&#8221;4.4.3&#8243; min_height=&#8221;5px&#8221; custom_margin=&#8221;||-10px||false|false&#8221; custom_padding=&#8221;||0px||false|false&#8221; saved_tabs=&#8221;all&#8221; locked=&#8221;off&#8221;][\/et_pb_divider][et_pb_text admin_label=&#8221;Formaci\u00f3n&#8221; _builder_version=&#8221;4.4.3&#8243; header_4_font=&#8221;|700|||||||&#8221; header_4_text_color=&#8221;#afa08e&#8221; header_4_font_size=&#8221;16px&#8221; custom_margin=&#8221;||0px||false|false&#8221; custom_padding=&#8221;||5px||false|false&#8221;]<\/p>\n<h4>Formaci\u00f3n<\/h4>\n<p>[\/et_pb_text][et_pb_text _builder_version=&#8221;4.9.4&#8243; text_line_height=&#8221;1.1em&#8221; hover_enabled=&#8221;0&#8243; sticky_enabled=&#8221;0&#8243;]<\/p>\n<p>M\u00e1ster en Acceso a la Abogac\u00eda por la Universidad Internacional de La Rioja<\/p>\n<p>M\u00e1ster en Derecho Penal Econ\u00f3mico en la Universidad Internacional de La Rioja<\/p>\n<p>Grado en Derecho por la Universidad Complutense de Madrid.<\/p>\n<p>[\/et_pb_text][\/et_pb_column_inner][et_pb_column_inner type=&#8221;1_2&#8243; saved_specialty_column_type=&#8221;2_3&#8243; _builder_version=&#8221;4.4.3&#8243;][et_pb_divider divider_weight=&#8221;1px&#8221; admin_label=&#8221;Linea CV ok&#8221; _builder_version=&#8221;4.4.3&#8243; min_height=&#8221;5px&#8221; custom_margin=&#8221;||-10px||false|false&#8221; custom_padding=&#8221;||0px||false|false&#8221; saved_tabs=&#8221;all&#8221; locked=&#8221;off&#8221;][\/et_pb_divider][et_pb_text admin_label=&#8221;Idiomas&#8221; _builder_version=&#8221;4.4.3&#8243; header_4_font=&#8221;|700|||||||&#8221; header_4_text_color=&#8221;#afa08e&#8221; header_4_font_size=&#8221;16px&#8221; custom_margin=&#8221;||0px||false|false&#8221; custom_padding=&#8221;||5px||false|false&#8221;]<\/p>\n<h4>Idiomas<\/h4>\n<p>[\/et_pb_text][et_pb_text _builder_version=&#8221;4.9.4&#8243; text_line_height=&#8221;1.1em&#8221; hover_enabled=&#8221;0&#8243; sticky_enabled=&#8221;0&#8243;]<\/p>\n<p>Espa\u00f1ol<\/p>\n<p>Ingl\u00e9s<\/p>\n<p>[\/et_pb_text][\/et_pb_column_inner][\/et_pb_row_inner][et_pb_row_inner column_structure=&#8221;1_2,1_2&#8243; _builder_version=&#8221;4.4.3&#8243; custom_padding=&#8221;0px||||false|false&#8221; disabled_on=&#8221;on|on|on&#8221; disabled=&#8221;on&#8221;][et_pb_column_inner type=&#8221;1_2&#8243; saved_specialty_column_type=&#8221;2_3&#8243; _builder_version=&#8221;4.4.3&#8243;][et_pb_divider divider_weight=&#8221;1px&#8221; admin_label=&#8221;Linea CV ok&#8221; _builder_version=&#8221;4.4.3&#8243; min_height=&#8221;5px&#8221; custom_margin=&#8221;||-10px||false|false&#8221; custom_padding=&#8221;||0px||false|false&#8221; saved_tabs=&#8221;all&#8221; locked=&#8221;off&#8221;][\/et_pb_divider][et_pb_text admin_label=&#8221;Asociaciones&#8221; _builder_version=&#8221;4.4.3&#8243; header_4_font=&#8221;|700|||||||&#8221; header_4_text_color=&#8221;#afa08e&#8221; header_4_font_size=&#8221;16px&#8221; custom_margin=&#8221;||0px||false|false&#8221; custom_padding=&#8221;||5px||false|false&#8221;]<\/p>\n<h4>Asociaciones<\/h4>\n<p>[\/et_pb_text][et_pb_text disabled_on=&#8221;off|off|off&#8221; _builder_version=&#8221;4.4.5&#8243; text_line_height=&#8221;1.1em&#8221;]<\/p>\n<p>Asociaci\u00f3n Espa\u00f1ola de Asesores Fiscales<\/p>\n<p>[\/et_pb_text][\/et_pb_column_inner][et_pb_column_inner type=&#8221;1_2&#8243; saved_specialty_column_type=&#8221;2_3&#8243; _builder_version=&#8221;4.4.3&#8243;][et_pb_divider divider_weight=&#8221;1px&#8221; disabled_on=&#8221;on|on|on&#8221; admin_label=&#8221;Linea CV ok&#8221; _builder_version=&#8221;4.4.5&#8243; min_height=&#8221;5px&#8221; custom_margin=&#8221;||-10px||false|false&#8221; custom_padding=&#8221;||0px||false|false&#8221; disabled=&#8221;on&#8221; saved_tabs=&#8221;all&#8221; locked=&#8221;off&#8221;][\/et_pb_divider][et_pb_text disabled_on=&#8221;on|on|on&#8221; admin_label=&#8221;Reconocimientos&#8221; _builder_version=&#8221;4.4.3&#8243; header_4_font=&#8221;|700|||||||&#8221; header_4_text_color=&#8221;#afa08e&#8221; header_4_font_size=&#8221;16px&#8221; custom_margin=&#8221;||0px||false|false&#8221; custom_padding=&#8221;||5px||false|false&#8221; disabled=&#8221;on&#8221;]<\/p>\n<h4>Reconocimientos<\/h4>\n<p>[\/et_pb_text][et_pb_text disabled_on=&#8221;on|on|on&#8221; _builder_version=&#8221;4.4.3&#8243; text_line_height=&#8221;1.1em&#8221; disabled=&#8221;on&#8221;]<\/p>\n<p>Abogado reconocido en el \u00c1rea Public Law por Chambers and Partners (2017-actualidad)<\/p>\n<p>Reconocimiento en \u00c1rea Public Finance Law por Best Lawyers (2019)<\/p>\n<p>Abogado reconocido en \u00c1rea Mining Law por Who is Who Legal (2019)<\/p>\n<p>[\/et_pb_text][\/et_pb_column_inner][\/et_pb_row_inner][et_pb_row_inner column_structure=&#8221;1_2,1_2&#8243; disabled_on=&#8221;on|on|on&#8221; _builder_version=&#8221;4.4.3&#8243; custom_margin_tablet=&#8221;&#8221; custom_margin_phone=&#8221;||||false|false&#8221; custom_margin_last_edited=&#8221;on|desktop&#8221; custom_padding=&#8221;0px||||false|false&#8221; disabled=&#8221;on&#8221;][et_pb_column_inner type=&#8221;1_2&#8243; saved_specialty_column_type=&#8221;2_3&#8243; _builder_version=&#8221;4.4.3&#8243;][et_pb_divider divider_weight=&#8221;1px&#8221; admin_label=&#8221;Linea CV ok&#8221; _builder_version=&#8221;4.4.3&#8243; min_height=&#8221;5px&#8221; custom_margin=&#8221;||-10px||false|false&#8221; custom_padding=&#8221;||0px||false|false&#8221; saved_tabs=&#8221;all&#8221; locked=&#8221;off&#8221;][\/et_pb_divider][et_pb_text admin_label=&#8221;Docencia&#8221; _builder_version=&#8221;4.4.3&#8243; header_4_font=&#8221;|700|||||||&#8221; header_4_text_color=&#8221;#afa08e&#8221; header_4_font_size=&#8221;16px&#8221; custom_margin=&#8221;||0px||false|false&#8221; custom_padding=&#8221;||5px||false|false&#8221;]<\/p>\n<h4>Docencia<\/h4>\n<p>[\/et_pb_text][et_pb_text _builder_version=&#8221;4.0.11&#8243; text_line_height=&#8221;1.1em&#8221;]ADM Business School<\/p>\n<p>ESCP Business School[\/et_pb_text][\/et_pb_column_inner][et_pb_column_inner type=&#8221;1_2&#8243; saved_specialty_column_type=&#8221;2_3&#8243; _builder_version=&#8221;4.4.3&#8243;][et_pb_divider divider_weight=&#8221;1px&#8221; admin_label=&#8221;Linea CV ok&#8221; _builder_version=&#8221;4.4.3&#8243; min_height=&#8221;5px&#8221; custom_margin=&#8221;||-10px||false|false&#8221; custom_padding=&#8221;||0px||false|false&#8221; saved_tabs=&#8221;all&#8221; locked=&#8221;off&#8221;][\/et_pb_divider][et_pb_text admin_label=&#8221;Publicaciones&#8221; _builder_version=&#8221;4.4.3&#8243; header_4_font=&#8221;|700|||||||&#8221; header_4_text_color=&#8221;#afa08e&#8221; header_4_font_size=&#8221;16px&#8221; custom_margin=&#8221;||0px||false|false&#8221; custom_padding=&#8221;||5px||false|false&#8221;]<\/p>\n<h4>Publicaciones<\/h4>\n<p>[\/et_pb_text][et_pb_text _builder_version=&#8221;4.0.11&#8243; text_line_height=&#8221;1.1em&#8221;]Abogado reconocido en el \u00c1rea Public Law\tpor Chambers and Partners (2017-actualidad)<\/p>\n<p>Reconocimiento en \u00c1rea Public Finance Law por Best Lawyers (2019)<\/p>\n<p>Abogado reconocido en \u00c1rea Mining Law por Who is Who Legal (2019)[\/et_pb_text][\/et_pb_column_inner][\/et_pb_row_inner][\/et_pb_column][\/et_pb_section]<\/p>\n","protected":false},"author":1,"featured_media":18481,"template":"","meta":{"_et_pb_use_builder":"on","_et_pb_old_content":"","_et_gb_content_width":""},"class_list":["post-14390","professional","type-professional","status-publish","has-post-thumbnail","hentry","office-madrid","area-criminal","professional-category-junior-en"],"yoast_head":"<!-- This site is optimized with the Yoast SEO plugin v27.4 - https:\/\/yoast.com\/product\/yoast-seo-wordpress\/ -->\n<title>Isabel Bardisa - MAIO Legal<\/title>\n<meta name=\"robots\" content=\"index, follow, max-snippet:-1, max-image-preview:large, max-video-preview:-1\" \/>\n<link rel=\"canonical\" href=\"https:\/\/www.maiolegal.com\/en\/team\/professional\/isabel-bardisa\/\" \/>\n<meta property=\"og:locale\" content=\"en_US\" \/>\n<meta property=\"og:type\" content=\"article\" \/>\n<meta property=\"og:title\" content=\"Isabel Bardisa - MAIO Legal\" \/>\n<meta property=\"og:description\" content=\"PROFESIONALES |  ibardisa@maiolegal.com +34 91 577 50 20 \u00a0 \u00a0\u00a0 \u00a0Frase destacada del profesional si la hubiera.Isabel es graduada en Derecho por la Universidad Complutense de Madrid. Formaci\u00f3n que ha completado con el M\u00e1ster de Acceso a la abogac\u00eda y con la especializaci\u00f3n del M\u00e1ster de Derecho Penal Econ\u00f3mico, ambos por la Universidad [&hellip;]\" \/>\n<meta property=\"og:url\" content=\"https:\/\/www.maiolegal.com\/en\/team\/professional\/isabel-bardisa\/\" \/>\n<meta property=\"og:site_name\" content=\"MAIO Legal\" \/>\n<meta property=\"article:modified_time\" content=\"2025-11-17T22:10:28+00:00\" \/>\n<meta property=\"og:image\" content=\"https:\/\/www.maiolegal.com\/wp-content\/uploads\/Isabel-Bardisa.jpg\" \/>\n\t<meta property=\"og:image:width\" content=\"800\" \/>\n\t<meta property=\"og:image:height\" content=\"800\" \/>\n\t<meta property=\"og:image:type\" content=\"image\/jpeg\" \/>\n<meta name=\"twitter:card\" content=\"summary_large_image\" \/>\n<meta name=\"twitter:label1\" content=\"Est. reading time\" \/>\n\t<meta name=\"twitter:data1\" content=\"8 minutes\" \/>\n<script type=\"application\/ld+json\" class=\"yoast-schema-graph\">{\"@context\":\"https:\\\/\\\/schema.org\",\"@graph\":[{\"@type\":\"WebPage\",\"@id\":\"https:\\\/\\\/www.maiolegal.com\\\/en\\\/team\\\/professional\\\/isabel-bardisa\\\/\",\"url\":\"https:\\\/\\\/www.maiolegal.com\\\/en\\\/team\\\/professional\\\/isabel-bardisa\\\/\",\"name\":\"Isabel Bardisa - MAIO Legal\",\"isPartOf\":{\"@id\":\"https:\\\/\\\/www.maiolegal.com\\\/en\\\/#website\"},\"primaryImageOfPage\":{\"@id\":\"https:\\\/\\\/www.maiolegal.com\\\/en\\\/team\\\/professional\\\/isabel-bardisa\\\/#primaryimage\"},\"image\":{\"@id\":\"https:\\\/\\\/www.maiolegal.com\\\/en\\\/team\\\/professional\\\/isabel-bardisa\\\/#primaryimage\"},\"thumbnailUrl\":\"https:\\\/\\\/www.maiolegal.com\\\/wp-content\\\/uploads\\\/Isabel-Bardisa.jpg\",\"datePublished\":\"2022-02-07T16:25:59+00:00\",\"dateModified\":\"2025-11-17T22:10:28+00:00\",\"breadcrumb\":{\"@id\":\"https:\\\/\\\/www.maiolegal.com\\\/en\\\/team\\\/professional\\\/isabel-bardisa\\\/#breadcrumb\"},\"inLanguage\":\"en-US\",\"potentialAction\":[{\"@type\":\"ReadAction\",\"target\":[\"https:\\\/\\\/www.maiolegal.com\\\/en\\\/team\\\/professional\\\/isabel-bardisa\\\/\"]}]},{\"@type\":\"ImageObject\",\"inLanguage\":\"en-US\",\"@id\":\"https:\\\/\\\/www.maiolegal.com\\\/en\\\/team\\\/professional\\\/isabel-bardisa\\\/#primaryimage\",\"url\":\"https:\\\/\\\/www.maiolegal.com\\\/wp-content\\\/uploads\\\/Isabel-Bardisa.jpg\",\"contentUrl\":\"https:\\\/\\\/www.maiolegal.com\\\/wp-content\\\/uploads\\\/Isabel-Bardisa.jpg\",\"width\":800,\"height\":800},{\"@type\":\"BreadcrumbList\",\"@id\":\"https:\\\/\\\/www.maiolegal.com\\\/en\\\/team\\\/professional\\\/isabel-bardisa\\\/#breadcrumb\",\"itemListElement\":[{\"@type\":\"ListItem\",\"position\":1,\"name\":\"Home\",\"item\":\"https:\\\/\\\/www.maiolegal.com\\\/en\\\/\"},{\"@type\":\"ListItem\",\"position\":2,\"name\":\"Professional\",\"item\":\"https:\\\/\\\/www.maiolegal.com\\\/en\\\/team\\\/professional\\\/\"},{\"@type\":\"ListItem\",\"position\":3,\"name\":\"Isabel Bardisa\"}]},{\"@type\":\"WebSite\",\"@id\":\"https:\\\/\\\/www.maiolegal.com\\\/en\\\/#website\",\"url\":\"https:\\\/\\\/www.maiolegal.com\\\/en\\\/\",\"name\":\"MAIO Legal\",\"description\":\"Asesoramiento legal y tributario\",\"potentialAction\":[{\"@type\":\"SearchAction\",\"target\":{\"@type\":\"EntryPoint\",\"urlTemplate\":\"https:\\\/\\\/www.maiolegal.com\\\/en\\\/?s={search_term_string}\"},\"query-input\":{\"@type\":\"PropertyValueSpecification\",\"valueRequired\":true,\"valueName\":\"search_term_string\"}}],\"inLanguage\":\"en-US\"}]}<\/script>\n<!-- \/ Yoast SEO plugin. -->","yoast_head_json":{"title":"Isabel Bardisa - MAIO Legal","robots":{"index":"index","follow":"follow","max-snippet":"max-snippet:-1","max-image-preview":"max-image-preview:large","max-video-preview":"max-video-preview:-1"},"canonical":"https:\/\/www.maiolegal.com\/en\/team\/professional\/isabel-bardisa\/","og_locale":"en_US","og_type":"article","og_title":"Isabel Bardisa - MAIO Legal","og_description":"PROFESIONALES |  ibardisa@maiolegal.com +34 91 577 50 20 \u00a0 \u00a0\u00a0 \u00a0Frase destacada del profesional si la hubiera.Isabel es graduada en Derecho por la Universidad Complutense de Madrid. Formaci\u00f3n que ha completado con el M\u00e1ster de Acceso a la abogac\u00eda y con la especializaci\u00f3n del M\u00e1ster de Derecho Penal Econ\u00f3mico, ambos por la Universidad [&hellip;]","og_url":"https:\/\/www.maiolegal.com\/en\/team\/professional\/isabel-bardisa\/","og_site_name":"MAIO Legal","article_modified_time":"2025-11-17T22:10:28+00:00","og_image":[{"width":800,"height":800,"url":"https:\/\/www.maiolegal.com\/wp-content\/uploads\/Isabel-Bardisa.jpg","type":"image\/jpeg"}],"twitter_card":"summary_large_image","twitter_misc":{"Est. reading time":"8 minutes"},"schema":{"@context":"https:\/\/schema.org","@graph":[{"@type":"WebPage","@id":"https:\/\/www.maiolegal.com\/en\/team\/professional\/isabel-bardisa\/","url":"https:\/\/www.maiolegal.com\/en\/team\/professional\/isabel-bardisa\/","name":"Isabel Bardisa - MAIO Legal","isPartOf":{"@id":"https:\/\/www.maiolegal.com\/en\/#website"},"primaryImageOfPage":{"@id":"https:\/\/www.maiolegal.com\/en\/team\/professional\/isabel-bardisa\/#primaryimage"},"image":{"@id":"https:\/\/www.maiolegal.com\/en\/team\/professional\/isabel-bardisa\/#primaryimage"},"thumbnailUrl":"https:\/\/www.maiolegal.com\/wp-content\/uploads\/Isabel-Bardisa.jpg","datePublished":"2022-02-07T16:25:59+00:00","dateModified":"2025-11-17T22:10:28+00:00","breadcrumb":{"@id":"https:\/\/www.maiolegal.com\/en\/team\/professional\/isabel-bardisa\/#breadcrumb"},"inLanguage":"en-US","potentialAction":[{"@type":"ReadAction","target":["https:\/\/www.maiolegal.com\/en\/team\/professional\/isabel-bardisa\/"]}]},{"@type":"ImageObject","inLanguage":"en-US","@id":"https:\/\/www.maiolegal.com\/en\/team\/professional\/isabel-bardisa\/#primaryimage","url":"https:\/\/www.maiolegal.com\/wp-content\/uploads\/Isabel-Bardisa.jpg","contentUrl":"https:\/\/www.maiolegal.com\/wp-content\/uploads\/Isabel-Bardisa.jpg","width":800,"height":800},{"@type":"BreadcrumbList","@id":"https:\/\/www.maiolegal.com\/en\/team\/professional\/isabel-bardisa\/#breadcrumb","itemListElement":[{"@type":"ListItem","position":1,"name":"Home","item":"https:\/\/www.maiolegal.com\/en\/"},{"@type":"ListItem","position":2,"name":"Professional","item":"https:\/\/www.maiolegal.com\/en\/team\/professional\/"},{"@type":"ListItem","position":3,"name":"Isabel Bardisa"}]},{"@type":"WebSite","@id":"https:\/\/www.maiolegal.com\/en\/#website","url":"https:\/\/www.maiolegal.com\/en\/","name":"MAIO Legal","description":"Asesoramiento legal y tributario","potentialAction":[{"@type":"SearchAction","target":{"@type":"EntryPoint","urlTemplate":"https:\/\/www.maiolegal.com\/en\/?s={search_term_string}"},"query-input":{"@type":"PropertyValueSpecification","valueRequired":true,"valueName":"search_term_string"}}],"inLanguage":"en-US"}]}},"_links":{"self":[{"href":"https:\/\/www.maiolegal.com\/en\/wp-json\/wp\/v2\/professional\/14390","targetHints":{"allow":["GET"]}}],"collection":[{"href":"https:\/\/www.maiolegal.com\/en\/wp-json\/wp\/v2\/professional"}],"about":[{"href":"https:\/\/www.maiolegal.com\/en\/wp-json\/wp\/v2\/types\/professional"}],"author":[{"embeddable":true,"href":"https:\/\/www.maiolegal.com\/en\/wp-json\/wp\/v2\/users\/1"}],"version-history":[{"count":1,"href":"https:\/\/www.maiolegal.com\/en\/wp-json\/wp\/v2\/professional\/14390\/revisions"}],"predecessor-version":[{"id":20474,"href":"https:\/\/www.maiolegal.com\/en\/wp-json\/wp\/v2\/professional\/14390\/revisions\/20474"}],"wp:featuredmedia":[{"embeddable":true,"href":"https:\/\/www.maiolegal.com\/en\/wp-json\/wp\/v2\/media\/18481"}],"wp:attachment":[{"href":"https:\/\/www.maiolegal.com\/en\/wp-json\/wp\/v2\/media?parent=14390"}],"curies":[{"name":"wp","href":"https:\/\/api.w.org\/{rel}","templated":true}]}}