{"id":18386,"date":"2024-08-05T08:40:24","date_gmt":"2024-08-05T06:40:24","guid":{"rendered":"https:\/\/www.maiolegal.com\/?post_type=professional&#038;p=18386"},"modified":"2024-08-05T08:42:57","modified_gmt":"2024-08-05T06:42:57","slug":"manuel-amorim-ferreira","status":"publish","type":"professional","link":"https:\/\/www.maiolegal.com\/en\/team\/professional\/manuel-amorim-ferreira\/","title":{"rendered":"Manuel Amorim Ferreira"},"content":{"rendered":"<p>[et_pb_section fb_built=&#8221;1&#8243; admin_label=&#8221;section&#8221; _builder_version=&#8221;4.16&#8243; custom_margin=&#8221;||||false|false&#8221; custom_padding=&#8221;1em||0em||false|false&#8221; locked=&#8221;off&#8221; global_colors_info=&#8221;{}&#8221;][et_pb_row admin_label=&#8221;Breadcrumbs + Titulo&#8221; _builder_version=&#8221;4.16&#8243; custom_margin=&#8221;||0px||false|false&#8221; custom_padding=&#8221;0px||0px||false|false&#8221; saved_tabs=&#8221;all&#8221; global_colors_info=&#8221;{}&#8221;][et_pb_column type=&#8221;4_4&#8243; _builder_version=&#8221;4.16&#8243; global_colors_info=&#8221;{}&#8221;][et_pb_dcsbcm_divi_breadcrumbs_module separator=&#8221;sep-pipe&#8221; _builder_version=&#8221;4.16&#8243; body_font_size=&#8221;0.9em&#8221; body_line_height=&#8221;1em&#8221; custom_margin=&#8221;0px||-15px||false|false&#8221; custom_padding=&#8221;0px||0px||false|false&#8221; global_colors_info=&#8221;{}&#8221;][\/et_pb_dcsbcm_divi_breadcrumbs_module][et_pb_text _builder_version=&#8221;4.27.0&#8243; header_2_font=&#8221;|||on|||||&#8221; header_2_text_color=&#8221;#afa08e&#8221; header_2_font_size=&#8221;18px&#8221; custom_padding=&#8221;|||22px|false|false&#8221; global_colors_info=&#8221;{}&#8221;]<\/p>\n<h2>PROFESSIONALS<\/h2>\n<p>[\/et_pb_text][\/et_pb_column][\/et_pb_row][\/et_pb_section][et_pb_section fb_built=&#8221;1&#8243; specialty=&#8221;on&#8221; background_color_1=&#8221;#d7cbbb&#8221; padding_top_1=&#8221;20px&#8221; padding_bottom_1=&#8221;0px&#8221; padding_top_bottom_link_1=&#8221;false&#8221; padding_left_right_link_1=&#8221;false&#8221; _builder_version=&#8221;4.16&#8243; custom_margin=&#8221;||1em||false|false&#8221; custom_padding=&#8221;0px||0px||false|false&#8221; global_colors_info=&#8221;{}&#8221;][et_pb_column type=&#8221;1_3&#8243; _builder_version=&#8221;4.16&#8243; custom_padding=&#8221;|||&#8221; global_colors_info=&#8221;{}&#8221; custom_padding__hover=&#8221;|||&#8221;][et_pb_image src=&#8221;@ET-DC@eyJkeW5hbWljIjp0cnVlLCJjb250ZW50IjoicG9zdF9mZWF0dXJlZF9pbWFnZSIsInNldHRpbmdzIjp7fX0=@&#8221; _builder_version=&#8221;4.16&#8243; _dynamic_attributes=&#8221;src&#8221; custom_padding=&#8221;|20px||20px|false|true&#8221; global_colors_info=&#8221;{}&#8221;][\/et_pb_image][et_pb_text disabled_on=&#8221;off|off|off&#8221; admin_label=&#8221;Datos din\u00e1micos del profesional&#8221; _builder_version=&#8221;4.27.0&#8243; header_font=&#8221;||||||||&#8221; header_font_size=&#8221;1.2em&#8221; header_2_text_color=&#8221;#000000&#8243; header_2_font_size=&#8221;1.1em&#8221; header_2_line_height=&#8221;1.1em&#8221; header_3_font=&#8221;|700||on|||||&#8221; header_3_text_color=&#8221;#000000&#8243; header_3_font_size=&#8221;1em&#8221; width_tablet=&#8221;100%&#8221; width_phone=&#8221;100%&#8221; width_last_edited=&#8221;on|desktop&#8221; custom_margin=&#8221;||0px||false|false&#8221; custom_padding=&#8221;|20px|0px|20px|false|true&#8221; saved_tabs=&#8221;all&#8221; locked=&#8221;off&#8221; global_colors_info=&#8221;{}&#8221;]<\/p>\n<h1><strong>Manuel Amorim Ferreira<\/strong> | <\/h1>\n<h2><\/h2>\n<h3>Lisboa<\/h3>\n<p>[\/et_pb_text][et_pb_text admin_label=&#8221;Tel\u00e9fono e email&#8221; _builder_version=&#8221;4.27.0&#8243; text_font=&#8221;||||||||&#8221; text_text_color=&#8221;#000000&#8243; text_font_size=&#8221;0.95em&#8221; custom_margin=&#8221;0px||||false|false&#8221; custom_padding=&#8221;0px|20px||20px|false|true&#8221; locked=&#8221;off&#8221; global_colors_info=&#8221;{}&#8221;]maf@maio-smca.pt<br \/>\n+351 21 382 78 40[\/et_pb_text][et_pb_text _builder_version=&#8221;4.16&#8243; text_orientation=&#8221;right&#8221; custom_margin=&#8221;||||false|false&#8221; custom_padding=&#8221;|20px|20px|20px|false|true&#8221; locked=&#8221;off&#8221; global_colors_info=&#8221;{}&#8221;]<\/p>\n<p><img loading=\"lazy\" decoding=\"async\" src=\"https:\/\/www.maiolegal.com\/wp-content\/uploads\/2020\/04\/vcard.png\" width=\"29\" height=\"24\" alt=\"\" class=\"wp-image-6312 alignnone size-full\" \/>\u00a0 \u00a0<img loading=\"lazy\" decoding=\"async\" src=\"https:\/\/www.maiolegal.com\/wp-content\/uploads\/2020\/04\/linkedin.png\" width=\"30\" height=\"25\" alt=\"\" class=\"wp-image-6314 alignnone size-medium\" \/>\u00a0 \u00a0<img loading=\"lazy\" decoding=\"async\" src=\"https:\/\/www.maiolegal.com\/wp-content\/uploads\/2020\/04\/pdf.png\" width=\"29\" height=\"24\" alt=\"\" class=\"wp-image-6316 alignnone size-medium\" \/><\/p>\n<p>[\/et_pb_text][\/et_pb_column][et_pb_column type=&#8221;2_3&#8243; specialty_columns=&#8221;2&#8243; _builder_version=&#8221;4.16&#8243; custom_padding=&#8221;|||&#8221; global_colors_info=&#8221;{}&#8221; custom_padding__hover=&#8221;|||&#8221;][et_pb_row_inner _builder_version=&#8221;4.16&#8243; custom_margin=&#8221;0px||||false|false&#8221; custom_padding=&#8221;20px||||false|false&#8221; global_colors_info=&#8221;{}&#8221;][et_pb_column_inner saved_specialty_column_type=&#8221;2_3&#8243; _builder_version=&#8221;4.16&#8243; global_colors_info=&#8221;{}&#8221;][et_pb_text disabled_on=&#8221;off|off|off&#8221; admin_label=&#8221;Extracto CV&#8221; _builder_version=&#8221;4.27.0&#8243; background_size=&#8221;initial&#8221; background_position=&#8221;top_left&#8221; background_repeat=&#8221;repeat&#8221; global_colors_info=&#8221;{}&#8221;]Manuel is a Trainee Lawyer since June 2024 and is part of the Lisbon office of Maio-SMCA, where he also does his traineeship.[\/et_pb_text][\/et_pb_column_inner][\/et_pb_row_inner][et_pb_row_inner column_structure=&#8221;1_2,1_2&#8243; _builder_version=&#8221;4.16&#8243; custom_padding=&#8221;0px||||false|false&#8221; global_colors_info=&#8221;{}&#8221;][et_pb_column_inner type=&#8221;1_2&#8243; saved_specialty_column_type=&#8221;2_3&#8243; _builder_version=&#8221;4.16&#8243; global_colors_info=&#8221;{}&#8221;][et_pb_divider divider_weight=&#8221;1px&#8221; admin_label=&#8221;Linea CV ok&#8221; _builder_version=&#8221;4.16&#8243; min_height=&#8221;5px&#8221; custom_margin=&#8221;||-10px||false|false&#8221; custom_padding=&#8221;||0px||false|false&#8221; saved_tabs=&#8221;all&#8221; locked=&#8221;off&#8221; global_colors_info=&#8221;{}&#8221;][\/et_pb_divider][et_pb_text admin_label=&#8221;Formaci\u00f3n&#8221; _builder_version=&#8221;4.27.0&#8243; header_4_font=&#8221;|700|||||||&#8221; header_4_text_color=&#8221;#afa08e&#8221; header_4_font_size=&#8221;16px&#8221; custom_margin=&#8221;||0px||false|false&#8221; custom_padding=&#8221;||5px||false|false&#8221; hover_enabled=&#8221;0&#8243; global_colors_info=&#8221;{}&#8221; sticky_enabled=&#8221;0&#8243;]<\/p>\n<h4>Academic background<br \/>\n<\/h4>\n<p>[\/et_pb_text][et_pb_text _builder_version=&#8221;4.27.0&#8243; text_line_height=&#8221;1.1em&#8221; global_colors_info=&#8221;{}&#8221;]Master\u2019s student in Law and Legal Practice in the Speciality of Environmental, Natural Resources and Energy Law from the University of Lisbon (School of Law) (2024\/2025)<br \/>\nLaw Degree from the University of Lisbon (School of Law), Portugal (2021)[\/et_pb_text][\/et_pb_column_inner][et_pb_column_inner type=&#8221;1_2&#8243; saved_specialty_column_type=&#8221;2_3&#8243; _builder_version=&#8221;4.16&#8243; global_colors_info=&#8221;{}&#8221;][et_pb_divider divider_weight=&#8221;1px&#8221; admin_label=&#8221;Linea CV ok&#8221; _builder_version=&#8221;4.16&#8243; min_height=&#8221;5px&#8221; custom_margin=&#8221;||-10px||false|false&#8221; custom_padding=&#8221;||0px||false|false&#8221; saved_tabs=&#8221;all&#8221; locked=&#8221;off&#8221; global_colors_info=&#8221;{}&#8221;][\/et_pb_divider][et_pb_text admin_label=&#8221;Idiomas&#8221; _builder_version=&#8221;4.27.0&#8243; header_4_font=&#8221;|700|||||||&#8221; header_4_text_color=&#8221;#afa08e&#8221; header_4_font_size=&#8221;16px&#8221; custom_margin=&#8221;||0px||false|false&#8221; custom_padding=&#8221;||5px||false|false&#8221; hover_enabled=&#8221;0&#8243; global_colors_info=&#8221;{}&#8221; sticky_enabled=&#8221;0&#8243;]<\/p>\n<h4> Languages <\/h4>\n<p>[\/et_pb_text][et_pb_text _builder_version=&#8221;4.27.0&#8243; text_line_height=&#8221;1.1em&#8221; global_colors_info=&#8221;{}&#8221;]Portuguese, English, Spanish[\/et_pb_text][\/et_pb_column_inner][\/et_pb_row_inner][et_pb_row_inner column_structure=&#8221;1_2,1_2&#8243; disabled_on=&#8221;on|on|on&#8221; _builder_version=&#8221;4.27.0&#8243; custom_padding=&#8221;0px||||false|false&#8221; disabled=&#8221;on&#8221; global_colors_info=&#8221;{}&#8221;][et_pb_column_inner type=&#8221;1_2&#8243; saved_specialty_column_type=&#8221;2_3&#8243; _builder_version=&#8221;4.16&#8243; global_colors_info=&#8221;{}&#8221;][et_pb_divider divider_weight=&#8221;1px&#8221; admin_label=&#8221;Linea CV ok&#8221; _builder_version=&#8221;4.16&#8243; min_height=&#8221;5px&#8221; custom_margin=&#8221;||-10px||false|false&#8221; custom_padding=&#8221;||0px||false|false&#8221; saved_tabs=&#8221;all&#8221; locked=&#8221;off&#8221; global_colors_info=&#8221;{}&#8221;][\/et_pb_divider][et_pb_text disabled_on=&#8221;on|on|on&#8221; admin_label=&#8221;Asociaciones&#8221; _builder_version=&#8221;4.27.0&#8243; header_4_font=&#8221;|700|||||||&#8221; header_4_text_color=&#8221;#afa08e&#8221; header_4_font_size=&#8221;16px&#8221; custom_margin=&#8221;||0px||false|false&#8221; custom_padding=&#8221;||5px||false|false&#8221; disabled=&#8221;on&#8221; global_colors_info=&#8221;{}&#8221;]<\/p>\n<h4>Associa\u00e7\u00f5es<\/h4>\n<p>[\/et_pb_text][et_pb_text disabled_on=&#8221;off|off|off&#8221; _builder_version=&#8221;4.16&#8243; text_line_height=&#8221;1.1em&#8221; global_colors_info=&#8221;{}&#8221;]<\/p>\n<p>Inscrito na Ordem dos Advogados Portugueses.<\/p>\n<p>[\/et_pb_text][\/et_pb_column_inner][et_pb_column_inner type=&#8221;1_2&#8243; saved_specialty_column_type=&#8221;2_3&#8243; _builder_version=&#8221;4.16&#8243; global_colors_info=&#8221;{}&#8221;][et_pb_divider divider_weight=&#8221;1px&#8221; disabled_on=&#8221;on|on|on&#8221; admin_label=&#8221;Linea CV ok&#8221; _builder_version=&#8221;4.16&#8243; min_height=&#8221;5px&#8221; custom_margin=&#8221;||-10px||false|false&#8221; custom_padding=&#8221;||0px||false|false&#8221; disabled=&#8221;on&#8221; saved_tabs=&#8221;all&#8221; locked=&#8221;off&#8221; global_colors_info=&#8221;{}&#8221;][\/et_pb_divider][et_pb_text disabled_on=&#8221;on|on|on&#8221; admin_label=&#8221;Reconocimientos&#8221; _builder_version=&#8221;4.16&#8243; header_4_font=&#8221;|700|||||||&#8221; header_4_text_color=&#8221;#afa08e&#8221; header_4_font_size=&#8221;16px&#8221; custom_margin=&#8221;||0px||false|false&#8221; custom_padding=&#8221;||5px||false|false&#8221; disabled=&#8221;on&#8221; global_colors_info=&#8221;{}&#8221;]<\/p>\n<h4>Reconocimientos<\/h4>\n<p>[\/et_pb_text][et_pb_text disabled_on=&#8221;on|on|on&#8221; _builder_version=&#8221;4.16&#8243; text_line_height=&#8221;1.1em&#8221; disabled=&#8221;on&#8221; global_colors_info=&#8221;{}&#8221;]<\/p>\n<p>Abogado reconocido en el \u00c1rea Public Law por Chambers and Partners (2017-actualidad)<\/p>\n<p>Reconocimiento en \u00c1rea Public Finance Law por Best Lawyers (2019)<\/p>\n<p>Abogado reconocido en \u00c1rea Mining Law por Who is Who Legal (2019)<\/p>\n<p>[\/et_pb_text][\/et_pb_column_inner][\/et_pb_row_inner][et_pb_row_inner column_structure=&#8221;1_2,1_2&#8243; disabled_on=&#8221;on|on|on&#8221; _builder_version=&#8221;4.16&#8243; custom_margin_tablet=&#8221;&#8221; custom_margin_phone=&#8221;||||false|false&#8221; custom_margin_last_edited=&#8221;on|desktop&#8221; custom_padding=&#8221;0px||||false|false&#8221; disabled=&#8221;on&#8221; global_colors_info=&#8221;{}&#8221;][et_pb_column_inner type=&#8221;1_2&#8243; saved_specialty_column_type=&#8221;2_3&#8243; _builder_version=&#8221;4.16&#8243; global_colors_info=&#8221;{}&#8221;][et_pb_divider divider_weight=&#8221;1px&#8221; admin_label=&#8221;Linea CV ok&#8221; _builder_version=&#8221;4.16&#8243; min_height=&#8221;5px&#8221; custom_margin=&#8221;||-10px||false|false&#8221; custom_padding=&#8221;||0px||false|false&#8221; saved_tabs=&#8221;all&#8221; locked=&#8221;off&#8221; global_colors_info=&#8221;{}&#8221;][\/et_pb_divider][et_pb_text admin_label=&#8221;Docencia&#8221; _builder_version=&#8221;4.16&#8243; header_4_font=&#8221;|700|||||||&#8221; header_4_text_color=&#8221;#afa08e&#8221; header_4_font_size=&#8221;16px&#8221; custom_margin=&#8221;||0px||false|false&#8221; custom_padding=&#8221;||5px||false|false&#8221; global_colors_info=&#8221;{}&#8221;]<\/p>\n<h4>Docencia<\/h4>\n<p>[\/et_pb_text][et_pb_text _builder_version=&#8221;4.16&#8243; text_line_height=&#8221;1.1em&#8221; global_colors_info=&#8221;{}&#8221;]ADM Business School<\/p>\n<p>ESCP Business School[\/et_pb_text][\/et_pb_column_inner][et_pb_column_inner type=&#8221;1_2&#8243; saved_specialty_column_type=&#8221;2_3&#8243; _builder_version=&#8221;4.16&#8243; global_colors_info=&#8221;{}&#8221;][et_pb_divider divider_weight=&#8221;1px&#8221; admin_label=&#8221;Linea CV ok&#8221; _builder_version=&#8221;4.16&#8243; min_height=&#8221;5px&#8221; custom_margin=&#8221;||-10px||false|false&#8221; custom_padding=&#8221;||0px||false|false&#8221; saved_tabs=&#8221;all&#8221; locked=&#8221;off&#8221; global_colors_info=&#8221;{}&#8221;][\/et_pb_divider][et_pb_text admin_label=&#8221;Publicaciones&#8221; _builder_version=&#8221;4.16&#8243; header_4_font=&#8221;|700|||||||&#8221; header_4_text_color=&#8221;#afa08e&#8221; header_4_font_size=&#8221;16px&#8221; custom_margin=&#8221;||0px||false|false&#8221; custom_padding=&#8221;||5px||false|false&#8221; global_colors_info=&#8221;{}&#8221;]<\/p>\n<h4>Publicaciones<\/h4>\n<p>[\/et_pb_text][et_pb_text _builder_version=&#8221;4.16&#8243; text_line_height=&#8221;1.1em&#8221; global_colors_info=&#8221;{}&#8221;]Abogado reconocido en el \u00c1rea Public Law\tpor Chambers and Partners (2017-actualidad)<\/p>\n<p>Reconocimiento en \u00c1rea Public Finance Law por Best Lawyers (2019)<\/p>\n<p>Abogado reconocido en \u00c1rea Mining Law por Who is Who Legal (2019)[\/et_pb_text][\/et_pb_column_inner][\/et_pb_row_inner][\/et_pb_column][\/et_pb_section]<\/p>\n","protected":false},"author":1,"featured_media":18374,"template":"","meta":{"_et_pb_use_builder":"on","_et_pb_old_content":"[et_pb_section fb_built=\"1\" admin_label=\"section\" _builder_version=\"4.16\" custom_margin=\"||||false|false\" custom_padding=\"1em||0em||false|false\" locked=\"off\" global_colors_info=\"{}\"][et_pb_row admin_label=\"Breadcrumbs + Titulo\" _builder_version=\"4.16\" custom_margin=\"||0px||false|false\" custom_padding=\"0px||0px||false|false\" saved_tabs=\"all\" global_colors_info=\"{}\"][et_pb_column type=\"4_4\" _builder_version=\"4.16\" global_colors_info=\"{}\"][et_pb_dcsbcm_divi_breadcrumbs_module separator=\"sep-pipe\" _builder_version=\"4.16\" body_font_size=\"0.9em\" body_line_height=\"1em\" custom_margin=\"0px||-15px||false|false\" custom_padding=\"0px||0px||false|false\" global_colors_info=\"{}\"][\/et_pb_dcsbcm_divi_breadcrumbs_module][et_pb_text _builder_version=\"4.27.0\" header_2_font=\"|||on|||||\" header_2_text_color=\"#afa08e\" header_2_font_size=\"18px\" custom_padding=\"|||22px|false|false\" global_colors_info=\"{}\"]<h2>PROFESIONALES<\/h2>[\/et_pb_text][\/et_pb_column][\/et_pb_row][\/et_pb_section][et_pb_section fb_built=\"1\" specialty=\"on\" background_color_1=\"#d7cbbb\" padding_top_1=\"20px\" padding_bottom_1=\"0px\" padding_top_bottom_link_1=\"false\" padding_left_right_link_1=\"false\" _builder_version=\"4.16\" custom_margin=\"||1em||false|false\" custom_padding=\"0px||0px||false|false\" global_colors_info=\"{}\"][et_pb_column type=\"1_3\" _builder_version=\"4.16\" custom_padding=\"|||\" global_colors_info=\"{}\" custom_padding__hover=\"|||\"][et_pb_image src=\"@ET-DC@eyJkeW5hbWljIjp0cnVlLCJjb250ZW50IjoicG9zdF9mZWF0dXJlZF9pbWFnZSIsInNldHRpbmdzIjp7fX0=@\" _builder_version=\"4.16\" _dynamic_attributes=\"src\" custom_padding=\"|20px||20px|false|true\" global_colors_info=\"{}\"][\/et_pb_image][et_pb_text disabled_on=\"off|off|off\" admin_label=\"Datos din\u00e1micos del profesional\" _builder_version=\"4.27.0\" header_font=\"||||||||\" header_font_size=\"1.2em\" header_2_text_color=\"#000000\" header_2_font_size=\"1.1em\" header_2_line_height=\"1.1em\" header_3_font=\"|700||on|||||\" header_3_text_color=\"#000000\" header_3_font_size=\"1em\" width_tablet=\"100%\" width_phone=\"100%\" width_last_edited=\"on|desktop\" custom_margin=\"||0px||false|false\" custom_padding=\"|20px|0px|20px|false|true\" saved_tabs=\"all\" locked=\"off\" global_colors_info=\"{}\"]<h1><strong>[trs_maio_prof_name]<\/strong> | [trs_maio_prof_category]<\/h1>\r\n<h2>[trs_maio_prof_area]<\/h2>\r\n<h3>[trs_maio_prof_office]<\/h3>[\/et_pb_text][et_pb_text admin_label=\"Tel\u00e9fono e email\" _builder_version=\"4.27.0\" text_font=\"||||||||\" text_text_color=\"#000000\" text_font_size=\"0.95em\" custom_margin=\"0px||||false|false\" custom_padding=\"0px|20px||20px|false|true\" hover_enabled=\"0\" locked=\"off\" global_colors_info=\"{}\" sticky_enabled=\"0\"]maf@maio-smca.pt\r\n+351 21 382 78 40[\/et_pb_text][et_pb_text _builder_version=\"4.16\" text_orientation=\"right\" custom_margin=\"||||false|false\" custom_padding=\"|20px|20px|20px|false|true\" locked=\"off\" global_colors_info=\"{}\"]<p><img src=\"https:\/\/www.maiolegal.com\/wp-content\/uploads\/2020\/04\/vcard.png\" width=\"29\" height=\"24\" alt=\"\" class=\"wp-image-6312 alignnone size-full\" \/>\u00a0 \u00a0<img src=\"https:\/\/www.maiolegal.com\/wp-content\/uploads\/2020\/04\/linkedin.png\" width=\"30\" height=\"25\" alt=\"\" class=\"wp-image-6314 alignnone size-medium\" \/>\u00a0 \u00a0<img src=\"https:\/\/www.maiolegal.com\/wp-content\/uploads\/2020\/04\/pdf.png\" width=\"29\" height=\"24\" alt=\"\" class=\"wp-image-6316 alignnone size-medium\" \/><\/p>[\/et_pb_text][\/et_pb_column][et_pb_column type=\"2_3\" specialty_columns=\"2\" _builder_version=\"4.16\" custom_padding=\"|||\" global_colors_info=\"{}\" custom_padding__hover=\"|||\"][et_pb_row_inner _builder_version=\"4.16\" custom_margin=\"0px||||false|false\" custom_padding=\"20px||||false|false\" global_colors_info=\"{}\"][et_pb_column_inner saved_specialty_column_type=\"2_3\" _builder_version=\"4.16\" global_colors_info=\"{}\"][et_pb_text disabled_on=\"off|off|off\" admin_label=\"Extracto CV\" _builder_version=\"4.27.0\" background_size=\"initial\" background_position=\"top_left\" background_repeat=\"repeat\" global_colors_info=\"{}\"]<p>Manuel es Abogado en Pr\u00e1cticas desde Junio de 2024 y es parte del despacho de Lisboa de Maio-SMCA., donde tambi\u00e9n realiza sus pr\u00e1cticas.<\/p>[\/et_pb_text][\/et_pb_column_inner][\/et_pb_row_inner][et_pb_row_inner column_structure=\"1_2,1_2\" _builder_version=\"4.16\" custom_padding=\"0px||||false|false\" global_colors_info=\"{}\"][et_pb_column_inner type=\"1_2\" saved_specialty_column_type=\"2_3\" _builder_version=\"4.16\" global_colors_info=\"{}\"][et_pb_divider divider_weight=\"1px\" admin_label=\"Linea CV ok\" _builder_version=\"4.16\" min_height=\"5px\" custom_margin=\"||-10px||false|false\" custom_padding=\"||0px||false|false\" saved_tabs=\"all\" locked=\"off\" global_colors_info=\"{}\"][\/et_pb_divider][et_pb_text admin_label=\"Formaci\u00f3n\" _builder_version=\"4.16\" header_4_font=\"|700|||||||\" header_4_text_color=\"#afa08e\" header_4_font_size=\"16px\" custom_margin=\"||0px||false|false\" custom_padding=\"||5px||false|false\" global_colors_info=\"{}\"]<h4>Forma\u00e7\u00e3o<\/h4>[\/et_pb_text][et_pb_text _builder_version=\"4.27.0\" text_line_height=\"1.1em\" hover_enabled=\"0\" global_colors_info=\"{}\" sticky_enabled=\"0\"]<p>Estudiante de M\u00e1ster en Derecho y Praticas Jur\u00eddicas en la Especialidad de Derecho Ambiental, de Recursos Naturales y Energ\u00eda en la Facultad de Derecho de la Universidad de Lisboa (2024\/2025)<\/p>\r\n<p>Licenciatura en Derecho por la Facultad de Derecho de la Universidad de Lisboa, Portugal (2021)<\/p>[\/et_pb_text][\/et_pb_column_inner][et_pb_column_inner type=\"1_2\" saved_specialty_column_type=\"2_3\" _builder_version=\"4.16\" global_colors_info=\"{}\"][et_pb_divider divider_weight=\"1px\" admin_label=\"Linea CV ok\" _builder_version=\"4.16\" min_height=\"5px\" custom_margin=\"||-10px||false|false\" custom_padding=\"||0px||false|false\" saved_tabs=\"all\" locked=\"off\" global_colors_info=\"{}\"][\/et_pb_divider][et_pb_text admin_label=\"Idiomas\" _builder_version=\"4.16\" header_4_font=\"|700|||||||\" header_4_text_color=\"#afa08e\" header_4_font_size=\"16px\" custom_margin=\"||0px||false|false\" custom_padding=\"||5px||false|false\" global_colors_info=\"{}\"]<h4>Idiomas<\/h4>[\/et_pb_text][et_pb_text _builder_version=\"4.16\" text_line_height=\"1.1em\" global_colors_info=\"{}\"]<p>Portugu\u00eas<\/p>\r\n<p>Ingl\u00eas<\/p>\r\n<p>Espanhol.<\/p>[\/et_pb_text][\/et_pb_column_inner][\/et_pb_row_inner][et_pb_row_inner column_structure=\"1_2,1_2\" _builder_version=\"4.27.0\" custom_padding=\"0px||||false|false\" hover_enabled=\"0\" global_colors_info=\"{}\" disabled_on=\"on|on|on\" disabled=\"on\" sticky_enabled=\"0\"][et_pb_column_inner type=\"1_2\" saved_specialty_column_type=\"2_3\" _builder_version=\"4.16\" global_colors_info=\"{}\"][et_pb_divider divider_weight=\"1px\" admin_label=\"Linea CV ok\" _builder_version=\"4.16\" min_height=\"5px\" custom_margin=\"||-10px||false|false\" custom_padding=\"||0px||false|false\" saved_tabs=\"all\" locked=\"off\" global_colors_info=\"{}\"][\/et_pb_divider][et_pb_text admin_label=\"Asociaciones\" _builder_version=\"4.27.0\" header_4_font=\"|700|||||||\" header_4_text_color=\"#afa08e\" header_4_font_size=\"16px\" custom_margin=\"||0px||false|false\" custom_padding=\"||5px||false|false\" hover_enabled=\"0\" global_colors_info=\"{}\" disabled_on=\"on|on|on\" disabled=\"on\" sticky_enabled=\"0\"]<h4>Associa\u00e7\u00f5es<\/h4>[\/et_pb_text][et_pb_text disabled_on=\"off|off|off\" _builder_version=\"4.16\" text_line_height=\"1.1em\" global_colors_info=\"{}\"]<p>Inscrito na Ordem dos Advogados Portugueses.<\/p>[\/et_pb_text][\/et_pb_column_inner][et_pb_column_inner type=\"1_2\" saved_specialty_column_type=\"2_3\" _builder_version=\"4.16\" global_colors_info=\"{}\"][et_pb_divider divider_weight=\"1px\" disabled_on=\"on|on|on\" admin_label=\"Linea CV ok\" _builder_version=\"4.16\" min_height=\"5px\" custom_margin=\"||-10px||false|false\" custom_padding=\"||0px||false|false\" disabled=\"on\" saved_tabs=\"all\" locked=\"off\" global_colors_info=\"{}\"][\/et_pb_divider][et_pb_text disabled_on=\"on|on|on\" admin_label=\"Reconocimientos\" _builder_version=\"4.16\" header_4_font=\"|700|||||||\" header_4_text_color=\"#afa08e\" header_4_font_size=\"16px\" custom_margin=\"||0px||false|false\" custom_padding=\"||5px||false|false\" disabled=\"on\" global_colors_info=\"{}\"]<h4>Reconocimientos<\/h4>[\/et_pb_text][et_pb_text disabled_on=\"on|on|on\" _builder_version=\"4.16\" text_line_height=\"1.1em\" disabled=\"on\" global_colors_info=\"{}\"]<p>Abogado reconocido en el \u00c1rea Public Law por Chambers and Partners (2017-actualidad)<\/p>\r\n<p>Reconocimiento en \u00c1rea Public Finance Law por Best Lawyers (2019)<\/p>\r\n<p>Abogado reconocido en \u00c1rea Mining Law por Who is Who Legal (2019)<\/p>[\/et_pb_text][\/et_pb_column_inner][\/et_pb_row_inner][et_pb_row_inner column_structure=\"1_2,1_2\" disabled_on=\"on|on|on\" _builder_version=\"4.16\" custom_margin_tablet=\"\" custom_margin_phone=\"||||false|false\" custom_margin_last_edited=\"on|desktop\" custom_padding=\"0px||||false|false\" disabled=\"on\" global_colors_info=\"{}\"][et_pb_column_inner type=\"1_2\" saved_specialty_column_type=\"2_3\" _builder_version=\"4.16\" global_colors_info=\"{}\"][et_pb_divider divider_weight=\"1px\" admin_label=\"Linea CV ok\" _builder_version=\"4.16\" min_height=\"5px\" custom_margin=\"||-10px||false|false\" custom_padding=\"||0px||false|false\" saved_tabs=\"all\" locked=\"off\" global_colors_info=\"{}\"][\/et_pb_divider][et_pb_text admin_label=\"Docencia\" _builder_version=\"4.16\" header_4_font=\"|700|||||||\" header_4_text_color=\"#afa08e\" header_4_font_size=\"16px\" custom_margin=\"||0px||false|false\" custom_padding=\"||5px||false|false\" global_colors_info=\"{}\"]<h4>Docencia<\/h4>[\/et_pb_text][et_pb_text _builder_version=\"4.16\" text_line_height=\"1.1em\" global_colors_info=\"{}\"]ADM Business School\r\n\r\nESCP Business School[\/et_pb_text][\/et_pb_column_inner][et_pb_column_inner type=\"1_2\" saved_specialty_column_type=\"2_3\" _builder_version=\"4.16\" global_colors_info=\"{}\"][et_pb_divider divider_weight=\"1px\" admin_label=\"Linea CV ok\" _builder_version=\"4.16\" min_height=\"5px\" custom_margin=\"||-10px||false|false\" custom_padding=\"||0px||false|false\" saved_tabs=\"all\" locked=\"off\" global_colors_info=\"{}\"][\/et_pb_divider][et_pb_text admin_label=\"Publicaciones\" _builder_version=\"4.16\" header_4_font=\"|700|||||||\" header_4_text_color=\"#afa08e\" header_4_font_size=\"16px\" custom_margin=\"||0px||false|false\" custom_padding=\"||5px||false|false\" global_colors_info=\"{}\"]<h4>Publicaciones<\/h4>[\/et_pb_text][et_pb_text _builder_version=\"4.16\" text_line_height=\"1.1em\" global_colors_info=\"{}\"]Abogado reconocido en el \u00c1rea Public Law\tpor Chambers and Partners (2017-actualidad)\r\n\r\nReconocimiento en \u00c1rea Public Finance Law por Best Lawyers (2019)\r\n\r\nAbogado reconocido en \u00c1rea Mining Law por Who is Who Legal (2019)[\/et_pb_text][\/et_pb_column_inner][\/et_pb_row_inner][\/et_pb_column][\/et_pb_section]","_et_gb_content_width":""},"class_list":["post-18386","professional","type-professional","status-publish","has-post-thumbnail","hentry","office-lisboa-en"],"yoast_head":"<!-- This site is optimized with the Yoast SEO plugin v28.3 - https:\/\/yoast.com\/product\/yoast-seo-wordpress\/ -->\n<title>Manuel Amorim Ferreira - MAIO Legal<\/title>\n<meta name=\"robots\" content=\"index, follow, max-snippet:-1, max-image-preview:large, max-video-preview:-1\" \/>\n<link rel=\"canonical\" href=\"https:\/\/www.maiolegal.com\/en\/team\/professional\/manuel-amorim-ferreira\/\" \/>\n<meta property=\"og:locale\" content=\"en_US\" \/>\n<meta property=\"og:type\" content=\"article\" \/>\n<meta property=\"og:title\" content=\"Manuel Amorim Ferreira - MAIO Legal\" \/>\n<meta property=\"og:description\" content=\"PROFESSIONALS |  maf@maio-smca.pt +351 21 382 78 40\u00a0 \u00a0\u00a0 \u00a0Manuel is a Trainee Lawyer since June 2024 and is part of the Lisbon office of Maio-SMCA, where he also does his traineeship.Academic background Master\u2019s student in Law and Legal Practice in the Speciality of Environmental, Natural Resources and Energy Law from the University [&hellip;]\" \/>\n<meta property=\"og:url\" content=\"https:\/\/www.maiolegal.com\/en\/team\/professional\/manuel-amorim-ferreira\/\" \/>\n<meta property=\"og:site_name\" content=\"MAIO Legal\" \/>\n<meta property=\"article:modified_time\" content=\"2024-08-05T06:42:57+00:00\" \/>\n<meta property=\"og:image\" content=\"https:\/\/www.maiolegal.com\/wp-content\/uploads\/Manuel-Amorim-Ferreira.jpg\" \/>\n\t<meta property=\"og:image:width\" content=\"1772\" \/>\n\t<meta property=\"og:image:height\" content=\"1772\" \/>\n\t<meta property=\"og:image:type\" content=\"image\/jpeg\" \/>\n<meta name=\"twitter:card\" content=\"summary_large_image\" \/>\n<meta name=\"twitter:label1\" content=\"Est. reading time\" \/>\n\t<meta name=\"twitter:data1\" content=\"2 minutes\" \/>\n<script type=\"application\/ld+json\" class=\"yoast-schema-graph\">{\"@context\":\"https:\\\/\\\/schema.org\",\"@graph\":[{\"@type\":\"WebPage\",\"@id\":\"https:\\\/\\\/www.maiolegal.com\\\/en\\\/team\\\/professional\\\/manuel-amorim-ferreira\\\/\",\"url\":\"https:\\\/\\\/www.maiolegal.com\\\/en\\\/team\\\/professional\\\/manuel-amorim-ferreira\\\/\",\"name\":\"Manuel Amorim Ferreira - MAIO Legal\",\"isPartOf\":{\"@id\":\"https:\\\/\\\/www.maiolegal.com\\\/en\\\/#website\"},\"primaryImageOfPage\":{\"@id\":\"https:\\\/\\\/www.maiolegal.com\\\/en\\\/team\\\/professional\\\/manuel-amorim-ferreira\\\/#primaryimage\"},\"image\":{\"@id\":\"https:\\\/\\\/www.maiolegal.com\\\/en\\\/team\\\/professional\\\/manuel-amorim-ferreira\\\/#primaryimage\"},\"thumbnailUrl\":\"https:\\\/\\\/www.maiolegal.com\\\/wp-content\\\/uploads\\\/Manuel-Amorim-Ferreira.jpg\",\"datePublished\":\"2024-08-05T06:40:24+00:00\",\"dateModified\":\"2024-08-05T06:42:57+00:00\",\"breadcrumb\":{\"@id\":\"https:\\\/\\\/www.maiolegal.com\\\/en\\\/team\\\/professional\\\/manuel-amorim-ferreira\\\/#breadcrumb\"},\"inLanguage\":\"en-US\",\"potentialAction\":[{\"@type\":\"ReadAction\",\"target\":[\"https:\\\/\\\/www.maiolegal.com\\\/en\\\/team\\\/professional\\\/manuel-amorim-ferreira\\\/\"]}]},{\"@type\":\"ImageObject\",\"inLanguage\":\"en-US\",\"@id\":\"https:\\\/\\\/www.maiolegal.com\\\/en\\\/team\\\/professional\\\/manuel-amorim-ferreira\\\/#primaryimage\",\"url\":\"https:\\\/\\\/www.maiolegal.com\\\/wp-content\\\/uploads\\\/Manuel-Amorim-Ferreira.jpg\",\"contentUrl\":\"https:\\\/\\\/www.maiolegal.com\\\/wp-content\\\/uploads\\\/Manuel-Amorim-Ferreira.jpg\",\"width\":1772,\"height\":1772},{\"@type\":\"BreadcrumbList\",\"@id\":\"https:\\\/\\\/www.maiolegal.com\\\/en\\\/team\\\/professional\\\/manuel-amorim-ferreira\\\/#breadcrumb\",\"itemListElement\":[{\"@type\":\"ListItem\",\"position\":1,\"name\":\"Home\",\"item\":\"https:\\\/\\\/www.maiolegal.com\\\/en\\\/\"},{\"@type\":\"ListItem\",\"position\":2,\"name\":\"Professional\",\"item\":\"https:\\\/\\\/www.maiolegal.com\\\/en\\\/team\\\/professional\\\/\"},{\"@type\":\"ListItem\",\"position\":3,\"name\":\"Manuel Amorim Ferreira\"}]},{\"@type\":\"WebSite\",\"@id\":\"https:\\\/\\\/www.maiolegal.com\\\/en\\\/#website\",\"url\":\"https:\\\/\\\/www.maiolegal.com\\\/en\\\/\",\"name\":\"MAIO Legal\",\"description\":\"Asesoramiento legal y tributario\",\"potentialAction\":[{\"@type\":\"SearchAction\",\"target\":{\"@type\":\"EntryPoint\",\"urlTemplate\":\"https:\\\/\\\/www.maiolegal.com\\\/en\\\/?s={search_term_string}\"},\"query-input\":{\"@type\":\"PropertyValueSpecification\",\"valueRequired\":true,\"valueName\":\"search_term_string\"}}],\"inLanguage\":\"en-US\"}]}<\/script>\n<!-- \/ Yoast SEO plugin. -->","yoast_head_json":{"title":"Manuel Amorim Ferreira - MAIO Legal","robots":{"index":"index","follow":"follow","max-snippet":"max-snippet:-1","max-image-preview":"max-image-preview:large","max-video-preview":"max-video-preview:-1"},"canonical":"https:\/\/www.maiolegal.com\/en\/team\/professional\/manuel-amorim-ferreira\/","og_locale":"en_US","og_type":"article","og_title":"Manuel Amorim Ferreira - MAIO Legal","og_description":"PROFESSIONALS |  maf@maio-smca.pt +351 21 382 78 40\u00a0 \u00a0\u00a0 \u00a0Manuel is a Trainee Lawyer since June 2024 and is part of the Lisbon office of Maio-SMCA, where he also does his traineeship.Academic background Master\u2019s student in Law and Legal Practice in the Speciality of Environmental, Natural Resources and Energy Law from the University [&hellip;]","og_url":"https:\/\/www.maiolegal.com\/en\/team\/professional\/manuel-amorim-ferreira\/","og_site_name":"MAIO Legal","article_modified_time":"2024-08-05T06:42:57+00:00","og_image":[{"width":1772,"height":1772,"url":"https:\/\/www.maiolegal.com\/wp-content\/uploads\/Manuel-Amorim-Ferreira.jpg","type":"image\/jpeg"}],"twitter_card":"summary_large_image","twitter_misc":{"Est. reading time":"2 minutes"},"schema":{"@context":"https:\/\/schema.org","@graph":[{"@type":"WebPage","@id":"https:\/\/www.maiolegal.com\/en\/team\/professional\/manuel-amorim-ferreira\/","url":"https:\/\/www.maiolegal.com\/en\/team\/professional\/manuel-amorim-ferreira\/","name":"Manuel Amorim Ferreira - MAIO Legal","isPartOf":{"@id":"https:\/\/www.maiolegal.com\/en\/#website"},"primaryImageOfPage":{"@id":"https:\/\/www.maiolegal.com\/en\/team\/professional\/manuel-amorim-ferreira\/#primaryimage"},"image":{"@id":"https:\/\/www.maiolegal.com\/en\/team\/professional\/manuel-amorim-ferreira\/#primaryimage"},"thumbnailUrl":"https:\/\/www.maiolegal.com\/wp-content\/uploads\/Manuel-Amorim-Ferreira.jpg","datePublished":"2024-08-05T06:40:24+00:00","dateModified":"2024-08-05T06:42:57+00:00","breadcrumb":{"@id":"https:\/\/www.maiolegal.com\/en\/team\/professional\/manuel-amorim-ferreira\/#breadcrumb"},"inLanguage":"en-US","potentialAction":[{"@type":"ReadAction","target":["https:\/\/www.maiolegal.com\/en\/team\/professional\/manuel-amorim-ferreira\/"]}]},{"@type":"ImageObject","inLanguage":"en-US","@id":"https:\/\/www.maiolegal.com\/en\/team\/professional\/manuel-amorim-ferreira\/#primaryimage","url":"https:\/\/www.maiolegal.com\/wp-content\/uploads\/Manuel-Amorim-Ferreira.jpg","contentUrl":"https:\/\/www.maiolegal.com\/wp-content\/uploads\/Manuel-Amorim-Ferreira.jpg","width":1772,"height":1772},{"@type":"BreadcrumbList","@id":"https:\/\/www.maiolegal.com\/en\/team\/professional\/manuel-amorim-ferreira\/#breadcrumb","itemListElement":[{"@type":"ListItem","position":1,"name":"Home","item":"https:\/\/www.maiolegal.com\/en\/"},{"@type":"ListItem","position":2,"name":"Professional","item":"https:\/\/www.maiolegal.com\/en\/team\/professional\/"},{"@type":"ListItem","position":3,"name":"Manuel Amorim Ferreira"}]},{"@type":"WebSite","@id":"https:\/\/www.maiolegal.com\/en\/#website","url":"https:\/\/www.maiolegal.com\/en\/","name":"MAIO Legal","description":"Asesoramiento legal y tributario","potentialAction":[{"@type":"SearchAction","target":{"@type":"EntryPoint","urlTemplate":"https:\/\/www.maiolegal.com\/en\/?s={search_term_string}"},"query-input":{"@type":"PropertyValueSpecification","valueRequired":true,"valueName":"search_term_string"}}],"inLanguage":"en-US"}]}},"_links":{"self":[{"href":"https:\/\/www.maiolegal.com\/en\/wp-json\/wp\/v2\/professional\/18386","targetHints":{"allow":["GET"]}}],"collection":[{"href":"https:\/\/www.maiolegal.com\/en\/wp-json\/wp\/v2\/professional"}],"about":[{"href":"https:\/\/www.maiolegal.com\/en\/wp-json\/wp\/v2\/types\/professional"}],"author":[{"embeddable":true,"href":"https:\/\/www.maiolegal.com\/en\/wp-json\/wp\/v2\/users\/1"}],"version-history":[{"count":5,"href":"https:\/\/www.maiolegal.com\/en\/wp-json\/wp\/v2\/professional\/18386\/revisions"}],"predecessor-version":[{"id":18395,"href":"https:\/\/www.maiolegal.com\/en\/wp-json\/wp\/v2\/professional\/18386\/revisions\/18395"}],"wp:featuredmedia":[{"embeddable":true,"href":"https:\/\/www.maiolegal.com\/en\/wp-json\/wp\/v2\/media\/18374"}],"wp:attachment":[{"href":"https:\/\/www.maiolegal.com\/en\/wp-json\/wp\/v2\/media?parent=18386"}],"curies":[{"name":"wp","href":"https:\/\/api.w.org\/{rel}","templated":true}]}}