{"id":21898,"date":"2026-09-01T12:50:29","date_gmt":"2026-09-01T10:50:29","guid":{"rendered":"https:\/\/www.maiolegal.com\/equipo\/profesional\/angel-de-la-calle\/"},"modified":"2026-09-01T12:50:29","modified_gmt":"2026-09-01T10:50:29","slug":"angel-de-la-calle","status":"publish","type":"professional","link":"https:\/\/www.maiolegal.com\/en\/team\/professional\/angel-de-la-calle\/","title":{"rendered":"\u00c1ngel de la Calle"},"content":{"rendered":"<p>[et_pb_section fb_built=&#8221;1&#8243; admin_label=&#8221;section&#8221; _builder_version=&#8221;4.16&#8243; custom_margin=&#8221;||||false|false&#8221; custom_padding=&#8221;1em||0em||false|false&#8221; locked=&#8221;off&#8221; global_colors_info=&#8221;{}&#8221;][et_pb_row admin_label=&#8221;Breadcrumbs + Titulo&#8221; _builder_version=&#8221;4.16&#8243; custom_margin=&#8221;||0px||false|false&#8221; custom_padding=&#8221;0px||0px||false|false&#8221; saved_tabs=&#8221;all&#8221; global_colors_info=&#8221;{}&#8221;][et_pb_column type=&#8221;4_4&#8243; _builder_version=&#8221;4.16&#8243; global_colors_info=&#8221;{}&#8221;][et_pb_dcsbcm_divi_breadcrumbs_module separator=&#8221;sep-pipe&#8221; _builder_version=&#8221;4.16&#8243; body_font_size=&#8221;0.9em&#8221; body_line_height=&#8221;1em&#8221; custom_margin=&#8221;0px||-15px||false|false&#8221; custom_padding=&#8221;0px||0px||false|false&#8221; global_colors_info=&#8221;{}&#8221;][\/et_pb_dcsbcm_divi_breadcrumbs_module][et_pb_text _builder_version=&#8221;4.16&#8243; header_2_font=&#8221;|||on|||||&#8221; header_2_text_color=&#8221;#afa08e&#8221; header_2_font_size=&#8221;18px&#8221; custom_padding=&#8221;|||22px|false|false&#8221; global_colors_info=&#8221;{}&#8221;]<\/p>\n<h2>PROFESIONALES<\/h2>\n<p>[\/et_pb_text][\/et_pb_column][\/et_pb_row][\/et_pb_section][et_pb_section fb_built=&#8221;1&#8243; specialty=&#8221;on&#8221; background_color_1=&#8221;#d7cbbb&#8221; padding_top_1=&#8221;20px&#8221; padding_bottom_1=&#8221;0px&#8221; padding_top_bottom_link_1=&#8221;false&#8221; padding_left_right_link_1=&#8221;false&#8221; _builder_version=&#8221;4.16&#8243; custom_margin=&#8221;||1em||false|false&#8221; custom_padding=&#8221;0px||0px||false|false&#8221; locked=&#8221;off&#8221; global_colors_info=&#8221;{}&#8221;][et_pb_column type=&#8221;1_3&#8243; _builder_version=&#8221;4.16&#8243; custom_padding=&#8221;|||&#8221; global_colors_info=&#8221;{}&#8221; custom_padding__hover=&#8221;|||&#8221;][et_pb_image src=&#8221;@ET-DC@eyJkeW5hbWljIjp0cnVlLCJjb250ZW50IjoicG9zdF9mZWF0dXJlZF9pbWFnZSIsInNldHRpbmdzIjp7fX0=@&#8221; _builder_version=&#8221;4.16&#8243; _dynamic_attributes=&#8221;src&#8221; custom_padding=&#8221;|20px||20px|false|true&#8221; global_colors_info=&#8221;{}&#8221;][\/et_pb_image][et_pb_text disabled_on=&#8221;off|off|off&#8221; admin_label=&#8221;Datos din\u00e1micos del profesional&#8221; _builder_version=&#8221;4.16&#8243; header_font=&#8221;||||||||&#8221; header_font_size=&#8221;1.2em&#8221; header_2_text_color=&#8221;#000000&#8243; header_2_font_size=&#8221;1.1em&#8221; header_2_line_height=&#8221;1.1em&#8221; header_3_font=&#8221;|700||on|||||&#8221; header_3_text_color=&#8221;#000000&#8243; header_3_font_size=&#8221;1em&#8221; width_tablet=&#8221;100%&#8221; width_phone=&#8221;100%&#8221; width_last_edited=&#8221;on|desktop&#8221; custom_margin=&#8221;||0px||false|false&#8221; custom_padding=&#8221;|20px|0px|20px|false|true&#8221; saved_tabs=&#8221;all&#8221; locked=&#8221;off&#8221; global_colors_info=&#8221;{}&#8221;]<\/p>\n<h1><span><strong>\u00c1ngel de la Calle<\/strong><\/span> | Junior<\/h1>\n<h2>Arbitration and Mediation, Bankruptcy, Civil Litigation<\/h2>\n<h3>Madrid<\/h3>\n<p>[\/et_pb_text][et_pb_text admin_label=&#8221;Tel\u00e9fono e email&#8221; _builder_version=&#8221;4.27.6&#8243; text_font=&#8221;||||||||&#8221; text_text_color=&#8221;#000000&#8243; text_font_size=&#8221;0.95em&#8221; custom_margin=&#8221;0px||||false|false&#8221; custom_padding=&#8221;0px|20px||20px|false|true&#8221; hover_enabled=&#8221;0&#8243; locked=&#8221;off&#8221; global_colors_info=&#8221;{}&#8221; sticky_enabled=&#8221;0&#8243;]<\/p>\n<p>adelacalle@maiolegal.com<br \/>+34 91 577 50 20<\/p>\n<p>[\/et_pb_text][et_pb_text _builder_version=&#8221;4.27.4&#8243; text_orientation=&#8221;right&#8221; custom_margin=&#8221;||1em||false|false&#8221; custom_padding=&#8221;|20px||20px|false|true&#8221; global_colors_info=&#8221;{}&#8221;]<\/p>\n<p><img loading=\"lazy\" decoding=\"async\" src=\"https:\/\/www.maiolegal.com\/wp-content\/uploads\/2020\/04\/vcard.png\" width=\"29\" height=\"24\" alt=\"\" class=\"wp-image-6312 alignnone size-full\" \/>\u00a0 \u00a0<img loading=\"lazy\" decoding=\"async\" src=\"https:\/\/www.maiolegal.com\/wp-content\/uploads\/2020\/04\/linkedin.png\" width=\"30\" height=\"25\" alt=\"\" class=\"wp-image-6314 alignnone size-medium\" \/>\u00a0 \u00a0<img loading=\"lazy\" decoding=\"async\" src=\"https:\/\/www.maiolegal.com\/wp-content\/uploads\/2020\/04\/pdf.png\" width=\"29\" height=\"24\" alt=\"\" class=\"wp-image-6316 alignnone size-medium\" \/><\/p>\n<p>[\/et_pb_text][\/et_pb_column][et_pb_column type=&#8221;2_3&#8243; specialty_columns=&#8221;2&#8243; _builder_version=&#8221;4.16&#8243; custom_padding=&#8221;|||&#8221; global_colors_info=&#8221;{}&#8221; custom_padding__hover=&#8221;|||&#8221;][et_pb_row_inner _builder_version=&#8221;4.16&#8243; custom_margin=&#8221;0px||||false|false&#8221; custom_padding=&#8221;20px||||false|false&#8221; global_colors_info=&#8221;{}&#8221;][et_pb_column_inner saved_specialty_column_type=&#8221;2_3&#8243; _builder_version=&#8221;4.16&#8243; global_colors_info=&#8221;{}&#8221;][et_pb_text disabled_on=&#8221;off|off|off&#8221; admin_label=&#8221;Extracto CV&#8221; _builder_version=&#8221;4.27.6&#8243; background_size=&#8221;initial&#8221; background_position=&#8221;top_left&#8221; background_repeat=&#8221;repeat&#8221; global_colors_info=&#8221;{}&#8221;]<\/p>\n<p>\u00c1ngel de la Calle Contreras es abogado colegiado en el Ilustre Colegio de la Abogac\u00eda de Madrid desde septiembre de 2025.<\/p>\n<p>Sus primeros pasos fueron en el \u00e1rea de Fusiones y Adquisiciones de G\u00f3mez-Acebo &amp; Pombo, en el a\u00f1o 2023.<\/p>\n<p>Posteriormente, en el a\u00f1o 2024, se incorpor\u00f3 al departamento de Derecho Procesal Civil y Arbitraje de CMS Albi\u00f1ana &amp; Su\u00e1rez de Lezo.<\/p>\n<p>En febrero de 2026, se incorpor\u00f3 a MAIO Legal donde presta sus servicios en las \u00e1reas de Derecho Procesal Civil, Arbitraje y Derecho Concursal.<\/p>\n<p>[\/et_pb_text][\/et_pb_column_inner][\/et_pb_row_inner][et_pb_row_inner column_structure=&#8221;1_2,1_2&#8243; _builder_version=&#8221;4.16&#8243; custom_padding=&#8221;0px||||false|false&#8221; global_colors_info=&#8221;{}&#8221;][et_pb_column_inner type=&#8221;1_2&#8243; saved_specialty_column_type=&#8221;2_3&#8243; _builder_version=&#8221;4.16&#8243; global_colors_info=&#8221;{}&#8221;][et_pb_divider divider_weight=&#8221;1px&#8221; admin_label=&#8221;Linea CV ok&#8221; _builder_version=&#8221;4.16&#8243; min_height=&#8221;5px&#8221; custom_margin=&#8221;||-10px||false|false&#8221; custom_padding=&#8221;||0px||false|false&#8221; saved_tabs=&#8221;all&#8221; locked=&#8221;off&#8221; global_colors_info=&#8221;{}&#8221;][\/et_pb_divider][et_pb_text admin_label=&#8221;Formaci\u00f3n&#8221; _builder_version=&#8221;4.16&#8243; header_4_font=&#8221;|700|||||||&#8221; header_4_text_color=&#8221;#afa08e&#8221; header_4_font_size=&#8221;16px&#8221; custom_margin=&#8221;||0px||false|false&#8221; custom_padding=&#8221;||5px||false|false&#8221; global_colors_info=&#8221;{}&#8221;]<\/p>\n<h4>Formaci\u00f3n<\/h4>\n<p>[\/et_pb_text][et_pb_text _builder_version=&#8221;4.27.6&#8243; text_line_height=&#8221;1.1em&#8221; global_colors_info=&#8221;{}&#8221;]M\u00e1ster en Abogac\u00eda Internacional por el ISDE<br \/>\nM\u00e1ster de Acceso a la Abogac\u00eda por el ISDE<br \/>\nGrado en Derecho por la Universidad Europea de Madrid[\/et_pb_text][\/et_pb_column_inner][et_pb_column_inner type=&#8221;1_2&#8243; saved_specialty_column_type=&#8221;2_3&#8243; _builder_version=&#8221;4.16&#8243; global_colors_info=&#8221;{}&#8221;][et_pb_divider divider_weight=&#8221;1px&#8221; admin_label=&#8221;Linea CV ok&#8221; _builder_version=&#8221;4.16&#8243; min_height=&#8221;5px&#8221; custom_margin=&#8221;||-10px||false|false&#8221; custom_padding=&#8221;||0px||false|false&#8221; saved_tabs=&#8221;all&#8221; locked=&#8221;off&#8221; global_colors_info=&#8221;{}&#8221;][\/et_pb_divider][et_pb_text admin_label=&#8221;Idiomas&#8221; _builder_version=&#8221;4.16&#8243; header_4_font=&#8221;|700|||||||&#8221; header_4_text_color=&#8221;#afa08e&#8221; header_4_font_size=&#8221;16px&#8221; custom_margin=&#8221;||0px||false|false&#8221; custom_padding=&#8221;||5px||false|false&#8221; global_colors_info=&#8221;{}&#8221;]<\/p>\n<h4>Idiomas<\/h4>\n<p>[\/et_pb_text][et_pb_text _builder_version=&#8221;4.27.6&#8243; text_line_height=&#8221;1.1em&#8221; global_colors_info=&#8221;{}&#8221;]<\/p>\n<p>Espa\u00f1ol<\/p>\n<p>Ingl\u00e9s<\/p>\n<p>[\/et_pb_text][\/et_pb_column_inner][\/et_pb_row_inner][\/et_pb_column][\/et_pb_section]<\/p>\n","protected":false},"author":1,"featured_media":21879,"template":"","meta":{"_et_pb_use_builder":"on","_et_pb_old_content":"","_et_gb_content_width":""},"class_list":["post-21898","professional","type-professional","status-publish","has-post-thumbnail","hentry","office-madrid","area-arbitration-and-mediation","area-bankruptcy","area-civil-litigation","professional-category-junior-en"],"yoast_head":"<!-- This site is optimized with the Yoast SEO plugin v28.3 - https:\/\/yoast.com\/product\/yoast-seo-wordpress\/ -->\n<title>\u00c1ngel de la Calle - MAIO Legal<\/title>\n<meta name=\"robots\" content=\"index, follow, max-snippet:-1, max-image-preview:large, max-video-preview:-1\" \/>\n<link rel=\"canonical\" href=\"https:\/\/www.maiolegal.com\/en\/team\/professional\/angel-de-la-calle\/\" \/>\n<meta property=\"og:locale\" content=\"en_US\" \/>\n<meta property=\"og:type\" content=\"article\" \/>\n<meta property=\"og:title\" content=\"\u00c1ngel de la Calle - MAIO Legal\" \/>\n<meta property=\"og:description\" content=\"PROFESIONALES |  adelacalle@maiolegal.com+34 91 577 50 20\u00a0 \u00a0\u00a0 \u00a0\u00c1ngel de la Calle Contreras es abogado colegiado en el Ilustre Colegio de la Abogac\u00eda de Madrid desde septiembre de 2025. Sus primeros pasos fueron en el \u00e1rea de Fusiones y Adquisiciones de G\u00f3mez-Acebo &amp; Pombo, en el a\u00f1o 2023. Posteriormente, en el a\u00f1o 2024, [&hellip;]\" \/>\n<meta property=\"og:url\" content=\"https:\/\/www.maiolegal.com\/en\/team\/professional\/angel-de-la-calle\/\" \/>\n<meta property=\"og:site_name\" content=\"MAIO Legal\" \/>\n<meta property=\"og:image\" content=\"https:\/\/www.maiolegal.com\/wp-content\/uploads\/2020\/04\/vcard.png\" \/>\n\t<meta property=\"og:image:width\" content=\"200\" \/>\n\t<meta property=\"og:image:height\" content=\"167\" \/>\n\t<meta property=\"og:image:type\" content=\"image\/png\" \/>\n<meta name=\"twitter:card\" content=\"summary_large_image\" \/>\n<meta name=\"twitter:label1\" content=\"Est. reading time\" \/>\n\t<meta name=\"twitter:data1\" content=\"4 minutes\" \/>\n<script type=\"application\/ld+json\" class=\"yoast-schema-graph\">{\"@context\":\"https:\\\/\\\/schema.org\",\"@graph\":[{\"@type\":\"WebPage\",\"@id\":\"https:\\\/\\\/www.maiolegal.com\\\/en\\\/team\\\/professional\\\/angel-de-la-calle\\\/\",\"url\":\"https:\\\/\\\/www.maiolegal.com\\\/en\\\/team\\\/professional\\\/angel-de-la-calle\\\/\",\"name\":\"\u00c1ngel de la Calle - MAIO Legal\",\"isPartOf\":{\"@id\":\"https:\\\/\\\/www.maiolegal.com\\\/en\\\/#website\"},\"primaryImageOfPage\":{\"@id\":\"https:\\\/\\\/www.maiolegal.com\\\/en\\\/team\\\/professional\\\/angel-de-la-calle\\\/#primaryimage\"},\"image\":{\"@id\":\"https:\\\/\\\/www.maiolegal.com\\\/en\\\/team\\\/professional\\\/angel-de-la-calle\\\/#primaryimage\"},\"thumbnailUrl\":\"https:\\\/\\\/www.maiolegal.com\\\/wp-content\\\/uploads\\\/angel-de-la-calle.jpg\",\"datePublished\":\"2026-09-01T10:50:29+00:00\",\"breadcrumb\":{\"@id\":\"https:\\\/\\\/www.maiolegal.com\\\/en\\\/team\\\/professional\\\/angel-de-la-calle\\\/#breadcrumb\"},\"inLanguage\":\"en-US\",\"potentialAction\":[{\"@type\":\"ReadAction\",\"target\":[\"https:\\\/\\\/www.maiolegal.com\\\/en\\\/team\\\/professional\\\/angel-de-la-calle\\\/\"]}]},{\"@type\":\"ImageObject\",\"inLanguage\":\"en-US\",\"@id\":\"https:\\\/\\\/www.maiolegal.com\\\/en\\\/team\\\/professional\\\/angel-de-la-calle\\\/#primaryimage\",\"url\":\"https:\\\/\\\/www.maiolegal.com\\\/wp-content\\\/uploads\\\/angel-de-la-calle.jpg\",\"contentUrl\":\"https:\\\/\\\/www.maiolegal.com\\\/wp-content\\\/uploads\\\/angel-de-la-calle.jpg\",\"width\":1200,\"height\":1200},{\"@type\":\"BreadcrumbList\",\"@id\":\"https:\\\/\\\/www.maiolegal.com\\\/en\\\/team\\\/professional\\\/angel-de-la-calle\\\/#breadcrumb\",\"itemListElement\":[{\"@type\":\"ListItem\",\"position\":1,\"name\":\"Home\",\"item\":\"https:\\\/\\\/www.maiolegal.com\\\/en\\\/\"},{\"@type\":\"ListItem\",\"position\":2,\"name\":\"Professional\",\"item\":\"https:\\\/\\\/www.maiolegal.com\\\/en\\\/team\\\/professional\\\/\"},{\"@type\":\"ListItem\",\"position\":3,\"name\":\"\u00c1ngel de la Calle\"}]},{\"@type\":\"WebSite\",\"@id\":\"https:\\\/\\\/www.maiolegal.com\\\/en\\\/#website\",\"url\":\"https:\\\/\\\/www.maiolegal.com\\\/en\\\/\",\"name\":\"MAIO Legal\",\"description\":\"Asesoramiento legal y tributario\",\"potentialAction\":[{\"@type\":\"SearchAction\",\"target\":{\"@type\":\"EntryPoint\",\"urlTemplate\":\"https:\\\/\\\/www.maiolegal.com\\\/en\\\/?s={search_term_string}\"},\"query-input\":{\"@type\":\"PropertyValueSpecification\",\"valueRequired\":true,\"valueName\":\"search_term_string\"}}],\"inLanguage\":\"en-US\"}]}<\/script>\n<!-- \/ Yoast SEO plugin. -->","yoast_head_json":{"title":"\u00c1ngel de la Calle - MAIO Legal","robots":{"index":"index","follow":"follow","max-snippet":"max-snippet:-1","max-image-preview":"max-image-preview:large","max-video-preview":"max-video-preview:-1"},"canonical":"https:\/\/www.maiolegal.com\/en\/team\/professional\/angel-de-la-calle\/","og_locale":"en_US","og_type":"article","og_title":"\u00c1ngel de la Calle - MAIO Legal","og_description":"PROFESIONALES |  adelacalle@maiolegal.com+34 91 577 50 20\u00a0 \u00a0\u00a0 \u00a0\u00c1ngel de la Calle Contreras es abogado colegiado en el Ilustre Colegio de la Abogac\u00eda de Madrid desde septiembre de 2025. Sus primeros pasos fueron en el \u00e1rea de Fusiones y Adquisiciones de G\u00f3mez-Acebo &amp; Pombo, en el a\u00f1o 2023. Posteriormente, en el a\u00f1o 2024, [&hellip;]","og_url":"https:\/\/www.maiolegal.com\/en\/team\/professional\/angel-de-la-calle\/","og_site_name":"MAIO Legal","og_image":[{"width":200,"height":167,"url":"https:\/\/www.maiolegal.com\/wp-content\/uploads\/2020\/04\/vcard.png","type":"image\/png"}],"twitter_card":"summary_large_image","twitter_misc":{"Est. reading time":"4 minutes"},"schema":{"@context":"https:\/\/schema.org","@graph":[{"@type":"WebPage","@id":"https:\/\/www.maiolegal.com\/en\/team\/professional\/angel-de-la-calle\/","url":"https:\/\/www.maiolegal.com\/en\/team\/professional\/angel-de-la-calle\/","name":"\u00c1ngel de la Calle - MAIO Legal","isPartOf":{"@id":"https:\/\/www.maiolegal.com\/en\/#website"},"primaryImageOfPage":{"@id":"https:\/\/www.maiolegal.com\/en\/team\/professional\/angel-de-la-calle\/#primaryimage"},"image":{"@id":"https:\/\/www.maiolegal.com\/en\/team\/professional\/angel-de-la-calle\/#primaryimage"},"thumbnailUrl":"https:\/\/www.maiolegal.com\/wp-content\/uploads\/angel-de-la-calle.jpg","datePublished":"2026-09-01T10:50:29+00:00","breadcrumb":{"@id":"https:\/\/www.maiolegal.com\/en\/team\/professional\/angel-de-la-calle\/#breadcrumb"},"inLanguage":"en-US","potentialAction":[{"@type":"ReadAction","target":["https:\/\/www.maiolegal.com\/en\/team\/professional\/angel-de-la-calle\/"]}]},{"@type":"ImageObject","inLanguage":"en-US","@id":"https:\/\/www.maiolegal.com\/en\/team\/professional\/angel-de-la-calle\/#primaryimage","url":"https:\/\/www.maiolegal.com\/wp-content\/uploads\/angel-de-la-calle.jpg","contentUrl":"https:\/\/www.maiolegal.com\/wp-content\/uploads\/angel-de-la-calle.jpg","width":1200,"height":1200},{"@type":"BreadcrumbList","@id":"https:\/\/www.maiolegal.com\/en\/team\/professional\/angel-de-la-calle\/#breadcrumb","itemListElement":[{"@type":"ListItem","position":1,"name":"Home","item":"https:\/\/www.maiolegal.com\/en\/"},{"@type":"ListItem","position":2,"name":"Professional","item":"https:\/\/www.maiolegal.com\/en\/team\/professional\/"},{"@type":"ListItem","position":3,"name":"\u00c1ngel de la Calle"}]},{"@type":"WebSite","@id":"https:\/\/www.maiolegal.com\/en\/#website","url":"https:\/\/www.maiolegal.com\/en\/","name":"MAIO Legal","description":"Asesoramiento legal y tributario","potentialAction":[{"@type":"SearchAction","target":{"@type":"EntryPoint","urlTemplate":"https:\/\/www.maiolegal.com\/en\/?s={search_term_string}"},"query-input":{"@type":"PropertyValueSpecification","valueRequired":true,"valueName":"search_term_string"}}],"inLanguage":"en-US"}]}},"_links":{"self":[{"href":"https:\/\/www.maiolegal.com\/en\/wp-json\/wp\/v2\/professional\/21898","targetHints":{"allow":["GET"]}}],"collection":[{"href":"https:\/\/www.maiolegal.com\/en\/wp-json\/wp\/v2\/professional"}],"about":[{"href":"https:\/\/www.maiolegal.com\/en\/wp-json\/wp\/v2\/types\/professional"}],"author":[{"embeddable":true,"href":"https:\/\/www.maiolegal.com\/en\/wp-json\/wp\/v2\/users\/1"}],"version-history":[{"count":0,"href":"https:\/\/www.maiolegal.com\/en\/wp-json\/wp\/v2\/professional\/21898\/revisions"}],"wp:featuredmedia":[{"embeddable":true,"href":"https:\/\/www.maiolegal.com\/en\/wp-json\/wp\/v2\/media\/21879"}],"wp:attachment":[{"href":"https:\/\/www.maiolegal.com\/en\/wp-json\/wp\/v2\/media?parent=21898"}],"curies":[{"name":"wp","href":"https:\/\/api.w.org\/{rel}","templated":true}]}}